{"id":1541,"date":"2019-02-05T22:46:56","date_gmt":"2019-02-05T20:46:56","guid":{"rendered":"http:\/\/www.xertacatering.com\/15-2\/"},"modified":"2025-09-15T12:16:23","modified_gmt":"2025-09-15T10:16:23","slug":"15-2","status":"publish","type":"page","link":"https:\/\/www.xertacatering.com\/es\/","title":{"rendered":"Xerta Catering"},"content":{"rendered":"<p><section data-bb-version=\"4.6.1\" id=\"bt_bb_section69f3ad28a5426\" class=\"bt_bb_section bt_bb_layout_boxed_1300 bt_bb_vertical_align_top bt_bb_top_spacing_large bt_bb_bottom_spacing_medium\"  data-bt-override-class=\"{&quot;bt_bb_top_spacing_&quot;:{&quot;current_class&quot;:&quot;bt_bb_top_spacing_large&quot;,&quot;def&quot;:&quot;large&quot;},&quot;bt_bb_bottom_spacing_&quot;:{&quot;current_class&quot;:&quot;bt_bb_bottom_spacing_medium&quot;,&quot;def&quot;:&quot;medium&quot;}}\"><div class=\"bt_bb_port\"><div class=\"bt_bb_cell\"><div class=\"bt_bb_cell_inner\"><div class=\"bt_bb_row \"  data-bt-override-class=\"{}\"><div class=\"bt_bb_row_holder\" ><div  class=\"bt_bb_column col-xxl-2 col-xl-2 col-xs-12 col-sm-12 col-md-2 col-lg-2 bt_bb_vertical_align_top bt_bb_align_left bt_bb_padding_normal\" style=\"; --column-width:2;\" data-width=\"2\" data-bt-override-class=\"{}\"><div class=\"bt_bb_column_content\"><div class=\"bt_bb_column_content_inner\"><\/div><\/div><\/div><div  class=\"bt_bb_column col-xxl-8 col-xl-8 col-xs-12 col-sm-12 col-md-8 col-lg-8 bt_bb_vertical_align_middle bt_bb_align_center bt_bb_padding_normal bt_bb_animation_fade_in move_up animate\" style=\"; --column-width:8;\" data-width=\"8\" data-bt-override-class=\"{}\"><div class=\"bt_bb_column_content\"><div class=\"bt_bb_column_content_inner\"><div data-bb-version=\"4.6.1\" class=\"bt_bb_separator bt_bb_border_style_none bt_bb_top_spacing_normal bt_bb_bottom_spacing_small\" data-bt-override-class=\"{&quot;bt_bb_top_spacing_&quot;:{&quot;current_class&quot;:&quot;bt_bb_top_spacing_normal&quot;,&quot;def&quot;:&quot;normal&quot;},&quot;bt_bb_bottom_spacing_&quot;:{&quot;current_class&quot;:&quot;bt_bb_bottom_spacing_small&quot;,&quot;def&quot;:&quot;small&quot;}}\"><\/div><header data-bb-version=\"4.9.1\" class=\"bt_bb_headline bt_bb_dash_none bt_bb_size_large bt_bb_align_inherit\" data-bt-override-class=\"{&quot;bt_bb_size_&quot;:{&quot;current_class&quot;:&quot;bt_bb_size_large&quot;,&quot;def&quot;:&quot;large&quot;},&quot;bt_bb_align_&quot;:{&quot;current_class&quot;:&quot;bt_bb_align_inherit&quot;,&quot;def&quot;:&quot;inherit&quot;}}\"><h1 class=\"bt_bb_headline_tag\"><span class=\"bt_bb_headline_content\"><span>Gastronom\u00eda y servicio de alta cocina<\/span><\/span><\/h1><\/header><div data-bb-version=\"4.6.1\" class=\"bt_bb_separator bt_bb_border_style_none bt_bb_top_spacing_small bt_bb_bottom_spacing_none bt_bb_hidden_xs bt_bb_hidden_ms bt_bb_hidden_sm\" data-bt-override-class=\"{&quot;bt_bb_top_spacing_&quot;:{&quot;current_class&quot;:&quot;bt_bb_top_spacing_small&quot;,&quot;def&quot;:&quot;small&quot;},&quot;bt_bb_bottom_spacing_&quot;:{&quot;current_class&quot;:&quot;bt_bb_bottom_spacing_none&quot;,&quot;def&quot;:&quot;none&quot;}}\"><\/div><div data-bb-version=\"4.6.1\"  class=\"bt_bb_text\" ><\/p>\n<p>Nuestra gastronom\u00eda est\u00e1 basada en la calidad de los productos y la armon\u00eda de los sabores.<br \/>\nTrasladamos la cocina del restaurante Xerta con estrella Michel\u00edn desde 2016 a 2024 a tu evento, adaptamos los platos para que nuestros clientes disfruten de la alta cocina donde quieran.<br \/>\nCenas con amigos, bodas, eventos corporativos, nos adaptamos a cada necesidad y elaboramos los men\u00fas adecuados a cada evento.<\/p>\n<p>\n<\/div><div data-bb-version=\"4.6.1\" class=\"bt_bb_separator bt_bb_border_style_none bt_bb_top_spacing_small bt_bb_bottom_spacing_none bt_bb_hidden_xs bt_bb_hidden_ms bt_bb_hidden_sm\" data-bt-override-class=\"{&quot;bt_bb_top_spacing_&quot;:{&quot;current_class&quot;:&quot;bt_bb_top_spacing_small&quot;,&quot;def&quot;:&quot;small&quot;},&quot;bt_bb_bottom_spacing_&quot;:{&quot;current_class&quot;:&quot;bt_bb_bottom_spacing_none&quot;,&quot;def&quot;:&quot;none&quot;}}\"><\/div><div data-bb-version=\"4.6.1\" class=\"bt_bb_separator bt_bb_border_style_none bt_bb_top_spacing_normal bt_bb_bottom_spacing_medium bt_bb_hidden_md bt_bb_hidden_lg bt_bb_hidden_xl\" data-bt-override-class=\"{&quot;bt_bb_top_spacing_&quot;:{&quot;current_class&quot;:&quot;bt_bb_top_spacing_normal&quot;,&quot;def&quot;:&quot;normal&quot;},&quot;bt_bb_bottom_spacing_&quot;:{&quot;current_class&quot;:&quot;bt_bb_bottom_spacing_medium&quot;,&quot;def&quot;:&quot;medium&quot;}}\"><\/div><div data-bb-version=\"4.6.1\" class=\"bt_bb_button bt_bb_color_scheme_13 bt_bb_icon_position_left bt_bb_style_line bt_bb_size_large bt_bb_width_inline bt_bb_shape_round bt_bb_target_self bt_bb_text_transform_inherit bt_bb_align_center btWithText\" style=\"; --primary-color:#181818; --secondary-color:#faf8f7;\" data-bt-override-class=\"{&quot;bt_bb_size_&quot;:{&quot;current_class&quot;:&quot;bt_bb_size_large&quot;,&quot;def&quot;:&quot;large&quot;},&quot;bt_bb_align_&quot;:{&quot;current_class&quot;:&quot;bt_bb_align_center&quot;,&quot;def&quot;:&quot;center&quot;}}\"><a href=\"contacta\" target=\"_self\" class=\"bt_bb_link\" title=\"SOLICITAR M\u00c1S INFORMACI\u00d3N\"><span class=\"bt_bb_button_text\" >SOLICITAR M\u00c1S INFORMACI\u00d3N<\/span><\/a><\/div><\/div><\/div><\/div><div  class=\"bt_bb_column col-xxl-2 col-xl-2 col-xs-12 col-sm-12 col-md-2 col-lg-2 bt_bb_vertical_align_top bt_bb_align_left bt_bb_padding_normal\" style=\"; --column-width:2;\" data-width=\"2\" data-bt-override-class=\"{}\"><div class=\"bt_bb_column_content\"><div class=\"bt_bb_column_content_inner\"><\/div><\/div><\/div><\/div><\/div><\/div><!-- cell_inner --><\/div><!-- cell --><\/div><!-- port --><\/section><section data-bb-version=\"4.6.1\" id=\"bt_bb_section69f3ad28a60ed\" class=\"bt_bb_section bt_bb_layout_boxed_1200 bt_bb_vertical_align_top bt_bb_top_spacing_normal bt_bb_bottom_spacing_medium\"  data-bt-override-class=\"{&quot;bt_bb_top_spacing_&quot;:{&quot;current_class&quot;:&quot;bt_bb_top_spacing_normal&quot;,&quot;def&quot;:&quot;normal&quot;},&quot;bt_bb_bottom_spacing_&quot;:{&quot;current_class&quot;:&quot;bt_bb_bottom_spacing_medium&quot;,&quot;def&quot;:&quot;medium&quot;}}\"><div class=\"bt_bb_port\"><div class=\"bt_bb_cell\"><div class=\"bt_bb_cell_inner\"><div class=\"bt_bb_row  bt_bb_column_gap_0\" style=\"; --column-gap:0px;\" data-bt-override-class=\"{}\"><div class=\"bt_bb_row_holder\" ><div  class=\"bt_bb_column col-xxl-6 col-xl-6 col-xs-12 col-sm-12 col-md-12 col-lg-6 bt_bb_vertical_align_top bt_bb_align_center bt_bb_padding_normal bt_bb_animation_fade_in move_up animate\" style=\"; --column-width:6;\" data-width=\"6\" data-bt-override-class=\"{&quot;bt_bb_align_&quot;:{&quot;current_class&quot;:&quot;bt_bb_align_center&quot;,&quot;def&quot;:&quot;center&quot;,&quot;xl&quot;:&quot;center&quot;}}\"><div class=\"bt_bb_column_content\"><div class=\"bt_bb_column_content_inner\"><div data-bb-version=\"4.8.9\" class=\"bt_bb_image bt_bb_shape_square bt_bb_target_self bt_bb_align_inherit bt_bb_hover_style_simple bt_bb_content_display_always bt_bb_content_align_middle\" data-bt-override-class=\"{&quot;bt_bb_align_&quot;:{&quot;current_class&quot;:&quot;bt_bb_align_inherit&quot;,&quot;def&quot;:&quot;inherit&quot;}}\"><span><img loading=\"lazy\" decoding=\"async\" width=\"1000\" height=\"1300\" src=\"https:\/\/www.xertacatering.com\/wp-content\/uploads\/2024\/04\/xertactering-barcelona-bodas.jpg\" class=\"attachment-full size-full\" alt=\"https:\/\/www.xertacatering.com\/wp-content\/uploads\/2024\/04\/xertactering-barcelona-bodas.jpg\" data-full_image_src=\"https:\/\/www.xertacatering.com\/wp-content\/uploads\/2024\/04\/xertactering-barcelona-bodas.jpg\" title=\"Cristina y Javi\" srcset=\"https:\/\/www.xertacatering.com\/wp-content\/uploads\/2024\/04\/xertactering-barcelona-bodas.jpg 1000w, https:\/\/www.xertacatering.com\/wp-content\/uploads\/2024\/04\/xertactering-barcelona-bodas-640x832.jpg 640w, https:\/\/www.xertacatering.com\/wp-content\/uploads\/2024\/04\/xertactering-barcelona-bodas-768x998.jpg 768w, https:\/\/www.xertacatering.com\/wp-content\/uploads\/2024\/04\/xertactering-barcelona-bodas-320x416.jpg 320w\" sizes=\"auto, (max-width: 1000px) 100vw, 1000px\" \/><\/span><\/div><div class=\"bt_bb_separator bt_bb_border_style_none bt_bb_bottom_spacing_medium bt_bb_hidden_md bt_bb_hidden_lg\" data-bt-override-class=\"null\"><\/div><\/div><\/div><\/div><div data-bb-version=\"4.6.1\"  class=\"bt_bb_column col-xxl-1 col-xl-1 col-xs-12 col-sm-12 col-md-12 col-lg-1 bt_bb_vertical_align_top bt_bb_align_left bt_bb_padding_normal\" style=\"; --column-width:1;\" data-width=\"1\" data-bt-override-class=\"{&quot;bt_bb_align_&quot;:{&quot;current_class&quot;:&quot;bt_bb_align_left&quot;,&quot;def&quot;:&quot;left&quot;},&quot;bt_bb_padding_&quot;:{&quot;current_class&quot;:&quot;bt_bb_padding_normal&quot;,&quot;def&quot;:&quot;normal&quot;}}\"><div class=\"bt_bb_column_content\"><div class=\"bt_bb_column_content_inner\"><\/div><\/div><\/div><div data-bb-version=\"4.6.1\"  class=\"bt_bb_column col-xxl-5 col-xl-5 col-xs-12 col-sm-12 col-md-12 col-lg-5 bt_bb_vertical_align_middle bt_bb_align_left bt_bb_padding_normal bt_bb_animation_fade_in move_up animate\" style=\"; --column-width:5;\" data-width=\"5\" data-bt-override-class=\"{&quot;bt_bb_align_&quot;:{&quot;current_class&quot;:&quot;bt_bb_align_left&quot;,&quot;def&quot;:&quot;left&quot;},&quot;bt_bb_padding_&quot;:{&quot;current_class&quot;:&quot;bt_bb_padding_normal&quot;,&quot;def&quot;:&quot;normal&quot;}}\"><div class=\"bt_bb_column_content\"><div class=\"bt_bb_column_content_inner\"><header data-bb-version=\"4.9.1\" class=\"bt_bb_headline bt_bb_dash_none bt_bb_superheadline bt_bb_size_normal bt_bb_align_inherit\" data-bt-override-class=\"{&quot;bt_bb_size_&quot;:{&quot;current_class&quot;:&quot;bt_bb_size_normal&quot;,&quot;def&quot;:&quot;normal&quot;},&quot;bt_bb_align_&quot;:{&quot;current_class&quot;:&quot;bt_bb_align_inherit&quot;,&quot;def&quot;:&quot;inherit&quot;}}\"><h3 class=\"bt_bb_headline_tag\"><span class=\"bt_bb_headline_superheadline\">XERTA CATERING<\/span><span class=\"bt_bb_headline_content\"><span>Bodas \u00fanicas<\/span><\/span><\/h3><\/header><div data-bb-version=\"4.6.1\" class=\"bt_bb_separator bt_bb_border_style_none bt_bb_top_spacing_normal bt_bb_bottom_spacing_normal\" data-bt-override-class=\"{&quot;bt_bb_top_spacing_&quot;:{&quot;current_class&quot;:&quot;bt_bb_top_spacing_normal&quot;,&quot;def&quot;:&quot;normal&quot;},&quot;bt_bb_bottom_spacing_&quot;:{&quot;current_class&quot;:&quot;bt_bb_bottom_spacing_normal&quot;,&quot;def&quot;:&quot;normal&quot;}}\"><\/div><div  class=\"bt_bb_text\" ><\/p>\n<p>Queremos emocionaros con la gastronom\u00eda y la puesta en escena, vuestra ilusi\u00f3n es nuestra mayor recompensa. Cada boda es \u00fanica, por eso nos adaptamos para que vuestra boda sea la boda de vuestros sue\u00f1os.<\/p>\n<p>\n<\/div><div class=\"bt_bb_separator bt_bb_border_style_none bt_bb_bottom_spacing_normal\" data-bt-override-class=\"null\"><\/div><div class=\"bt_bb_button bt_bb_color_scheme_3 bt_bb_icon_position_left bt_bb_style_line bt_bb_size_large bt_bb_width_inline bt_bb_shape_round bt_bb_target_self bt_bb_align_inherit btWithText\" style=\"; --primary-color:#686868; --secondary-color:#181818;\" data-bt-override-class=\"{}\"><a href=\"https:\/\/www.xertacatering.com\/en\/contact\/\" target=\"_self\" class=\"bt_bb_link\" title=\"SOLICITAR M\u00c1S INFORMACI\u00d3N\"><span class=\"bt_bb_button_text\" >SOLICITAR M\u00c1S INFORMACI\u00d3N<\/span><\/a><\/div><\/div><\/div><\/div><\/div><\/div><\/div><!-- cell_inner --><\/div><!-- cell --><\/div><!-- port --><\/section><section data-bb-version=\"4.6.1\" id=\"bt_bb_section69f3ad28a7a2d\" class=\"bt_bb_section bt_bb_color_scheme_14 bt_bb_layout_boxed_1200 bt_bb_vertical_align_top bt_bb_top_spacing_none bt_bb_bottom_spacing_none\" style=\"; --section-primary-color:#686868; --section-secondary-color:#f8f7f4;\" data-bt-override-class=\"{&quot;bt_bb_top_spacing_&quot;:{&quot;current_class&quot;:&quot;bt_bb_top_spacing_none&quot;,&quot;def&quot;:&quot;none&quot;},&quot;bt_bb_bottom_spacing_&quot;:{&quot;current_class&quot;:&quot;bt_bb_bottom_spacing_none&quot;,&quot;def&quot;:&quot;none&quot;}}\"><div class=\"bt_bb_port\"><div class=\"bt_bb_cell\"><div class=\"bt_bb_cell_inner\"><div class=\"bt_bb_row  bt_bb_column_gap_0\" style=\"; --column-gap:0px;\" data-bt-override-class=\"{}\"><div class=\"bt_bb_row_holder\" ><div  class=\"bt_bb_column col-xxl-5 col-xl-5 col-xs-12 col-sm-12 col-md-12 col-lg-5 bt_bb_vertical_align_middle bt_bb_align_left bt_bb_order_md_2 bt_bb_order_sm_2 bt_bb_order_xs_2 bt_bb_padding_normal bt_bb_animation_fade_in move_up animate\" style=\"; --column-width:5;\" data-width=\"5\" data-bt-override-class=\"{&quot;bt_bb_align_&quot;:{&quot;current_class&quot;:&quot;bt_bb_align_left&quot;,&quot;def&quot;:&quot;left&quot;,&quot;xl&quot;:&quot;left&quot;}}\"><div class=\"bt_bb_column_content\"><div class=\"bt_bb_column_content_inner\"><div class=\"bt_bb_separator bt_bb_border_style_none bt_bb_bottom_spacing_medium\" data-bt-override-class=\"null\"><\/div><header class=\"bt_bb_headline bt_bb_dash_none bt_bb_superheadline bt_bb_size_normal bt_bb_align_inherit\" style=\" max-width: 360px;\" data-bt-override-class=\"{&quot;bt_bb_size_&quot;:{&quot;current_class&quot;:&quot;bt_bb_size_normal&quot;,&quot;def&quot;:&quot;normal&quot;,&quot;xl&quot;:&quot;normal&quot;},&quot;bt_bb_align_&quot;:{&quot;current_class&quot;:&quot;bt_bb_align_inherit&quot;,&quot;def&quot;:&quot;inherit&quot;,&quot;xl&quot;:&quot;inherit&quot;}}\"><h3 class=\"bt_bb_headline_tag\"><span class=\"bt_bb_headline_superheadline\">XERTA CATERING<\/span><span class=\"bt_bb_headline_content\"><span>Eventos corporativos<\/span><\/span><\/h3><\/header><div class=\"bt_bb_separator bt_bb_border_style_none bt_bb_bottom_spacing_normal\" data-bt-override-class=\"null\"><\/div><div  class=\"bt_bb_text\" ><\/p>\n<p>Cada evento corporativo tiene unos prop\u00f3sitos concretos, y en Xerta Catering somos capaces de entenderlos para elaborar una propuesta gastron\u00f3mica espec\u00edfica.<\/p>\n<p>\n<\/div><div class=\"bt_bb_separator bt_bb_border_style_none bt_bb_bottom_spacing_normal\" data-bt-override-class=\"null\"><\/div><div class=\"bt_bb_button bt_bb_color_scheme_3 bt_bb_icon_position_left bt_bb_style_line bt_bb_size_large bt_bb_width_inline bt_bb_shape_round bt_bb_target_self bt_bb_align_inherit btWithText\" style=\"; --primary-color:#686868; --secondary-color:#181818;\" data-bt-override-class=\"{}\"><a href=\"https:\/\/www.xertacatering.com\/en\/contact\/\" target=\"_self\" class=\"bt_bb_link\" title=\"SOLICITAR M\u00c1S INFORMACI\u00d3N\"><span class=\"bt_bb_button_text\" >SOLICITAR M\u00c1S INFORMACI\u00d3N<\/span><\/a><\/div><\/div><\/div><\/div><div  class=\"bt_bb_column col-xxl-1 col-xl-1 col-xs-12 col-sm-12 col-md-12 col-lg-1 bt_bb_vertical_align_top bt_bb_align_left bt_bb_order_md_3 bt_bb_order_sm_3 bt_bb_order_xs_3 bt_bb_padding_normal\" style=\"; --column-width:1;\" data-width=\"1\" data-bt-override-class=\"{&quot;bt_bb_align_&quot;:{&quot;current_class&quot;:&quot;bt_bb_align_left&quot;,&quot;def&quot;:&quot;left&quot;,&quot;xl&quot;:&quot;left&quot;}}\"><div class=\"bt_bb_column_content\"><div class=\"bt_bb_column_content_inner\"><\/div><\/div><\/div><div  class=\"bt_bb_column col-xxl-6 col-xl-6 col-xs-12 col-sm-12 col-md-12 col-lg-6 bt_bb_vertical_align_top bt_bb_align_right bt_bb_order_md_1 bt_bb_order_sm_1 bt_bb_order_xs_1 bt_bb_padding_normal bt_bb_animation_fade_in move_up animate\" style=\"; --column-width:6;\" data-width=\"6\" data-bt-override-class=\"{&quot;bt_bb_align_&quot;:{&quot;current_class&quot;:&quot;bt_bb_align_right&quot;,&quot;def&quot;:&quot;right&quot;,&quot;xl&quot;:&quot;right&quot;,&quot;md&quot;:&quot;center&quot;,&quot;sm&quot;:&quot;center&quot;,&quot;xs&quot;:&quot;center&quot;}}\"><div class=\"bt_bb_column_content\"><div class=\"bt_bb_column_content_inner\"><div data-bb-version=\"4.8.9\" class=\"bt_bb_image bt_bb_shape_square bt_bb_target_self bt_bb_align_inherit bt_bb_hover_style_simple bt_bb_content_display_always bt_bb_content_align_middle\" data-bt-override-class=\"{&quot;bt_bb_align_&quot;:{&quot;current_class&quot;:&quot;bt_bb_align_inherit&quot;,&quot;def&quot;:&quot;inherit&quot;}}\"><span><img loading=\"lazy\" decoding=\"async\" width=\"1000\" height=\"1298\" src=\"https:\/\/www.xertacatering.com\/wp-content\/uploads\/2024\/04\/xertactering-barcelona-eventos-corportaivos.jpg\" class=\"attachment-full size-full\" alt=\"https:\/\/www.xertacatering.com\/wp-content\/uploads\/2024\/04\/xertactering-barcelona-eventos-corportaivos.jpg\" data-full_image_src=\"https:\/\/www.xertacatering.com\/wp-content\/uploads\/2024\/04\/xertactering-barcelona-eventos-corportaivos.jpg\" title=\"xertactering-barcelona-eventos-corportaivos\" srcset=\"https:\/\/www.xertacatering.com\/wp-content\/uploads\/2024\/04\/xertactering-barcelona-eventos-corportaivos.jpg 1000w, https:\/\/www.xertacatering.com\/wp-content\/uploads\/2024\/04\/xertactering-barcelona-eventos-corportaivos-640x831.jpg 640w, https:\/\/www.xertacatering.com\/wp-content\/uploads\/2024\/04\/xertactering-barcelona-eventos-corportaivos-768x997.jpg 768w, https:\/\/www.xertacatering.com\/wp-content\/uploads\/2024\/04\/xertactering-barcelona-eventos-corportaivos-320x415.jpg 320w\" sizes=\"auto, (max-width: 1000px) 100vw, 1000px\" \/><\/span><\/div><\/div><\/div><\/div><\/div><\/div><\/div><!-- cell_inner --><\/div><!-- cell --><\/div><!-- port --><\/section><section data-bb-version=\"4.6.1\" id=\"bt_bb_section69f3ad28a8a74\" class=\"bt_bb_section bt_bb_layout_boxed_1200 bt_bb_vertical_align_top bt_bb_top_spacing_medium bt_bb_bottom_spacing_normal\"  data-bt-override-class=\"{&quot;bt_bb_top_spacing_&quot;:{&quot;current_class&quot;:&quot;bt_bb_top_spacing_medium&quot;,&quot;def&quot;:&quot;medium&quot;},&quot;bt_bb_bottom_spacing_&quot;:{&quot;current_class&quot;:&quot;bt_bb_bottom_spacing_normal&quot;,&quot;def&quot;:&quot;normal&quot;}}\"><div class=\"bt_bb_port\"><div class=\"bt_bb_cell\"><div class=\"bt_bb_cell_inner\"><div class=\"bt_bb_row  bt_bb_column_gap_0\" style=\"; --column-gap:0px;\" data-bt-override-class=\"{}\"><div class=\"bt_bb_row_holder\" ><div  class=\"bt_bb_column col-xxl-6 col-xl-6 col-xs-12 col-sm-12 col-md-12 col-lg-6 bt_bb_vertical_align_top bt_bb_align_center bt_bb_padding_normal bt_bb_animation_fade_in move_up animate\" style=\"; --column-width:6;\" data-width=\"6\" data-bt-override-class=\"{&quot;bt_bb_align_&quot;:{&quot;current_class&quot;:&quot;bt_bb_align_center&quot;,&quot;def&quot;:&quot;center&quot;,&quot;xl&quot;:&quot;center&quot;}}\"><div class=\"bt_bb_column_content\"><div class=\"bt_bb_column_content_inner\"><div data-bb-version=\"4.8.9\" class=\"bt_bb_image bt_bb_shape_square bt_bb_target_self bt_bb_align_inherit bt_bb_hover_style_simple bt_bb_content_display_always bt_bb_content_align_middle\" data-bt-override-class=\"{&quot;bt_bb_align_&quot;:{&quot;current_class&quot;:&quot;bt_bb_align_inherit&quot;,&quot;def&quot;:&quot;inherit&quot;}}\"><span><img loading=\"lazy\" decoding=\"async\" width=\"1000\" height=\"1250\" src=\"https:\/\/www.xertacatering.com\/wp-content\/uploads\/2024\/04\/xertcatering.jpg\" class=\"attachment-full size-full\" alt=\"https:\/\/www.xertacatering.com\/wp-content\/uploads\/2024\/04\/xertcatering.jpg\" data-full_image_src=\"https:\/\/www.xertacatering.com\/wp-content\/uploads\/2024\/04\/xertcatering.jpg\" title=\"xertcatering\" srcset=\"https:\/\/www.xertacatering.com\/wp-content\/uploads\/2024\/04\/xertcatering.jpg 1000w, https:\/\/www.xertacatering.com\/wp-content\/uploads\/2024\/04\/xertcatering-640x800.jpg 640w, https:\/\/www.xertacatering.com\/wp-content\/uploads\/2024\/04\/xertcatering-768x960.jpg 768w, https:\/\/www.xertacatering.com\/wp-content\/uploads\/2024\/04\/xertcatering-320x400.jpg 320w\" sizes=\"auto, (max-width: 1000px) 100vw, 1000px\" \/><\/span><\/div><div class=\"bt_bb_separator bt_bb_border_style_none bt_bb_bottom_spacing_medium bt_bb_hidden_md bt_bb_hidden_lg\" data-bt-override-class=\"null\"><\/div><\/div><\/div><\/div><div data-bb-version=\"4.6.1\"  class=\"bt_bb_column col-xxl-1 col-xl-1 col-xs-12 col-sm-12 col-md-12 col-lg-1 bt_bb_vertical_align_top bt_bb_align_left bt_bb_padding_normal\" style=\"; --column-width:1;\" data-width=\"1\" data-bt-override-class=\"{&quot;bt_bb_align_&quot;:{&quot;current_class&quot;:&quot;bt_bb_align_left&quot;,&quot;def&quot;:&quot;left&quot;},&quot;bt_bb_padding_&quot;:{&quot;current_class&quot;:&quot;bt_bb_padding_normal&quot;,&quot;def&quot;:&quot;normal&quot;}}\"><div class=\"bt_bb_column_content\"><div class=\"bt_bb_column_content_inner\"><\/div><\/div><\/div><div data-bb-version=\"4.6.1\"  class=\"bt_bb_column col-xxl-5 col-xl-5 col-xs-12 col-sm-12 col-md-12 col-lg-5 bt_bb_vertical_align_middle bt_bb_align_left bt_bb_padding_normal bt_bb_animation_fade_in move_up animate\" style=\"; --column-width:5;\" data-width=\"5\" data-bt-override-class=\"{&quot;bt_bb_align_&quot;:{&quot;current_class&quot;:&quot;bt_bb_align_left&quot;,&quot;def&quot;:&quot;left&quot;},&quot;bt_bb_padding_&quot;:{&quot;current_class&quot;:&quot;bt_bb_padding_normal&quot;,&quot;def&quot;:&quot;normal&quot;}}\"><div class=\"bt_bb_column_content\"><div class=\"bt_bb_column_content_inner\"><header class=\"bt_bb_headline bt_bb_dash_none bt_bb_superheadline bt_bb_size_normal bt_bb_align_inherit\" data-bt-override-class=\"{}\"><h3 class=\"bt_bb_headline_tag\"><span class=\"bt_bb_headline_superheadline\">XERTA CATERING<\/span><span class=\"bt_bb_headline_content\"><span>Catering Kosher<\/span><\/span><\/h3><\/header><div class=\"bt_bb_separator bt_bb_border_style_none bt_bb_bottom_spacing_normal\" data-bt-override-class=\"null\"><\/div><div  class=\"bt_bb_text\" ><\/p>\n<p>Estamos preparados para elaborar eventos bajo las directrices Kosher, conocemos el producto y su elaboraci\u00f3n.<\/p>\n<p>\n<\/div><div class=\"bt_bb_separator bt_bb_border_style_none bt_bb_bottom_spacing_normal\" data-bt-override-class=\"null\"><\/div><div class=\"bt_bb_button bt_bb_color_scheme_3 bt_bb_icon_position_left bt_bb_style_line bt_bb_size_large bt_bb_width_inline bt_bb_shape_round bt_bb_target_self bt_bb_align_inherit btWithText\" style=\"; --primary-color:#686868; --secondary-color:#181818;\" data-bt-override-class=\"{}\"><a href=\"https:\/\/www.xertacatering.com\/en\/contact\/\" target=\"_self\" class=\"bt_bb_link\" title=\"SOLICITAR M\u00c1S INFORMACI\u00d3N\"><span class=\"bt_bb_button_text\" >SOLICITAR M\u00c1S INFORMACI\u00d3N<\/span><\/a><\/div><\/div><\/div><\/div><\/div><\/div><\/div><!-- cell_inner --><\/div><!-- cell --><\/div><!-- port --><\/section><section id=\"bt_bb_section69f3ad28a99d6\" class=\"bt_bb_section bt_bb_color_scheme_14 bt_bb_layout_boxed_1200 bt_bb_vertical_align_top bt_bb_bottom_spacing_large\" style=\"; --section-primary-color:#686868; --section-secondary-color:#f8f7f4;\" data-bt-override-class=\"null\"><div class=\"bt_bb_port\"><div class=\"bt_bb_cell\"><div class=\"bt_bb_cell_inner\"><div class=\"bt_bb_row \"  data-bt-override-class=\"{}\"><div class=\"bt_bb_row_holder\" ><div  class=\"bt_bb_column col-xxl-3 col-xl-3 col-xs-12 col-sm-12 col-md-1 col-lg-3 bt_bb_vertical_align_top bt_bb_align_left bt_bb_padding_normal\" style=\"; --column-width:3;\" data-width=\"3\" data-bt-override-class=\"{}\"><div class=\"bt_bb_column_content\"><div class=\"bt_bb_column_content_inner\"><\/div><\/div><\/div><div  class=\"bt_bb_column col-xxl-6 col-xl-6 col-xs-12 col-sm-12 col-md-10 col-lg-6 bt_bb_vertical_align_top bt_bb_align_center bt_bb_padding_normal bt_bb_animation_fade_in animate\" style=\"; --column-width:6;\" data-width=\"6\" data-bt-override-class=\"{}\"><div class=\"bt_bb_column_content\"><div class=\"bt_bb_column_content_inner\"><div class=\"bt_bb_separator bt_bb_border_style_none bt_bb_bottom_spacing_large bt_bb_hidden_xs bt_bb_hidden_ms bt_bb_hidden_sm\" data-bt-override-class=\"null\"><\/div><header class=\"bt_bb_headline bt_bb_dash_none bt_bb_superheadline bt_bb_size_normal bt_bb_align_inherit\" data-bt-override-class=\"{}\"><h3 class=\"bt_bb_headline_tag\"><span class=\"bt_bb_headline_superheadline\">XERTA CATERING<\/span><span class=\"bt_bb_headline_content\"><span>Todo un deleite para los sentidos<\/span><\/span><\/h3><\/header><div class=\"bt_bb_separator bt_bb_border_style_none bt_bb_bottom_spacing_medium\" data-bt-override-class=\"null\"><\/div><\/div><\/div><\/div><div  class=\"bt_bb_column col-xxl-3 col-xl-3 col-xs-12 col-sm-12 col-md-1 col-lg-3 bt_bb_vertical_align_top bt_bb_align_left bt_bb_padding_normal\" style=\"; --column-width:3;\" data-width=\"3\" data-bt-override-class=\"{}\"><div class=\"bt_bb_column_content\"><div class=\"bt_bb_column_content_inner\"><\/div><\/div><\/div><\/div><\/div><div data-bb-version=\"4.6.1\" class=\"bt_bb_row bt_bb_row_push_right bt_bb_row_push_left bt_bb_content_wide bt_bb_row_width_boxed_1200 bt_bb_row_width_boxed  bt_bb_column_gap_large\"  data-bt-override-class=\"{}\"><div class=\"bt_bb_row_holder\" ><div data-bb-version=\"4.6.1\"  class=\"bt_bb_column col-xxl-4 col-xl-4 bt_bb_vertical_align_top bt_bb_align_center bt_bb_padding_5 bt_bb_animation_fade_in move_up animate bt_bb_background_size_cover\" style=\"margin-bottom: 1em;margin-right:10px;background-color:rgb(255,255,255);; --column-width:4;\" data-width=\"4\" data-bt-override-class=\"{&quot;bt_bb_align_&quot;:{&quot;current_class&quot;:&quot;bt_bb_align_center&quot;,&quot;def&quot;:&quot;center&quot;},&quot;bt_bb_padding_&quot;:{&quot;current_class&quot;:&quot;bt_bb_padding_5&quot;,&quot;def&quot;:&quot;5&quot;}}\"><div class=\"bt_bb_column_content\"><div class=\"bt_bb_column_content_inner\"><div class=\"bt_bb_separator bt_bb_border_style_none bt_bb_bottom_spacing_medium\" data-bt-override-class=\"null\"><\/div><header data-bb-version=\"4.6.1\" class=\"bt_bb_headline bt_bb_dash_none bt_bb_size_medium bt_bb_align_inherit\" data-bt-override-class=\"{&quot;bt_bb_size_&quot;:{&quot;current_class&quot;:&quot;bt_bb_size_medium&quot;,&quot;def&quot;:&quot;medium&quot;},&quot;bt_bb_align_&quot;:{&quot;current_class&quot;:&quot;bt_bb_align_inherit&quot;,&quot;def&quot;:&quot;inherit&quot;}}\"><h4 class=\"bt_bb_headline_tag\"><span class=\"bt_bb_headline_content\"><span>Cocina tradicional catalana<\/span><\/span><\/h4><\/header><div class=\"bt_bb_separator bt_bb_border_style_none bt_bb_bottom_spacing_normal\" data-bt-override-class=\"null\"><\/div><div  class=\"bt_bb_text\" ><\/p>\n<p>Nuestra gastronom\u00eda est\u00e1 basada en el producto de temporada, con toques de innovaci\u00f3n y sin perder la esencia de la cocina tradicional del sur del territorio catal\u00e1n.<\/p>\n<p>\n<\/div><div class=\"bt_bb_separator bt_bb_border_style_none bt_bb_bottom_spacing_normal\" data-bt-override-class=\"null\"><\/div><div data-bb-version=\"4.9.0\" class=\"bt_bb_button bt_bb_color_scheme_3 bt_bb_icon_position_left bt_bb_style_line bt_bb_size_medium bt_bb_width_inline bt_bb_shape_round bt_bb_target_self bt_bb_text_transform_inherit bt_bb_align_inherit btWithText\" style=\"; --primary-color:#686868; --secondary-color:#181818;\" data-bt-override-class=\"{&quot;bt_bb_size_&quot;:{&quot;current_class&quot;:&quot;bt_bb_size_medium&quot;,&quot;def&quot;:&quot;medium&quot;},&quot;bt_bb_align_&quot;:{&quot;current_class&quot;:&quot;bt_bb_align_inherit&quot;,&quot;def&quot;:&quot;inherit&quot;}}\"><a href=\"https:\/\/www.xertacatering.com\/es\/contacto\/\" target=\"_self\" class=\"bt_bb_link\" title=\"CONTACTA\"><span class=\"bt_bb_button_text\" >CONTACTA<\/span><\/a><\/div><div class=\"bt_bb_separator bt_bb_border_style_none bt_bb_bottom_spacing_medium\" data-bt-override-class=\"null\"><\/div><\/div><\/div><\/div><div data-bb-version=\"4.6.1\"  class=\"bt_bb_column col-xxl-4 col-xl-4 bt_bb_vertical_align_top bt_bb_align_center bt_bb_padding_5 bt_bb_animation_fade_in move_up animate bt_bb_background_size_cover\" style=\"margin-bottom: 1em; margin-right:10px;background-color:rgb(255,255,255);; --column-width:4;\" data-width=\"4\" data-bt-override-class=\"{&quot;bt_bb_align_&quot;:{&quot;current_class&quot;:&quot;bt_bb_align_center&quot;,&quot;def&quot;:&quot;center&quot;},&quot;bt_bb_padding_&quot;:{&quot;current_class&quot;:&quot;bt_bb_padding_5&quot;,&quot;def&quot;:&quot;5&quot;}}\"><div class=\"bt_bb_column_content\"><div class=\"bt_bb_column_content_inner\"><div class=\"bt_bb_separator bt_bb_border_style_none bt_bb_bottom_spacing_medium\" data-bt-override-class=\"null\"><\/div><header data-bb-version=\"4.6.1\" class=\"bt_bb_headline bt_bb_dash_none bt_bb_size_medium bt_bb_align_inherit\" data-bt-override-class=\"{&quot;bt_bb_size_&quot;:{&quot;current_class&quot;:&quot;bt_bb_size_medium&quot;,&quot;def&quot;:&quot;medium&quot;},&quot;bt_bb_align_&quot;:{&quot;current_class&quot;:&quot;bt_bb_align_inherit&quot;,&quot;def&quot;:&quot;inherit&quot;}}\"><h4 class=\"bt_bb_headline_tag\"><span class=\"bt_bb_headline_content\"><span>Gastronom\u00eda del Delta <\/span><\/span><\/h4><\/header><div class=\"bt_bb_separator bt_bb_border_style_none bt_bb_bottom_spacing_normal\" data-bt-override-class=\"null\"><\/div><div  class=\"bt_bb_text\" ><\/p>\n<p>Gastronom\u00eda y servicio con estrella Michel\u00edn desde 2016 a 2024. Te llevamos la cocina del Delta donde t\u00fa quieras.<\/p>\n<p>\n<\/div><div class=\"bt_bb_separator bt_bb_border_style_none bt_bb_bottom_spacing_normal\" data-bt-override-class=\"null\"><\/div><div data-bb-version=\"4.9.0\" class=\"bt_bb_button bt_bb_color_scheme_3 bt_bb_icon_position_left bt_bb_style_line bt_bb_size_medium bt_bb_width_inline bt_bb_shape_round bt_bb_target_self bt_bb_text_transform_inherit bt_bb_align_inherit btWithText\" style=\"; --primary-color:#686868; --secondary-color:#181818;\" data-bt-override-class=\"{&quot;bt_bb_size_&quot;:{&quot;current_class&quot;:&quot;bt_bb_size_medium&quot;,&quot;def&quot;:&quot;medium&quot;},&quot;bt_bb_align_&quot;:{&quot;current_class&quot;:&quot;bt_bb_align_inherit&quot;,&quot;def&quot;:&quot;inherit&quot;}}\"><a href=\"https:\/\/www.xertacatering.com\/es\/contacto\/\" target=\"_self\" class=\"bt_bb_link\" title=\"CONTACTA\"><span class=\"bt_bb_button_text\" >CONTACTA<\/span><\/a><\/div><div class=\"bt_bb_separator bt_bb_border_style_none bt_bb_bottom_spacing_medium\" data-bt-override-class=\"null\"><\/div><\/div><\/div><\/div><div data-bb-version=\"4.6.1\"  class=\"bt_bb_column col-xxl-4 col-xl-4 bt_bb_vertical_align_top bt_bb_align_center bt_bb_padding_5 bt_bb_animation_fade_in move_up animate bt_bb_background_size_cover\" style=\"margin-bottom: 1em;background-color:rgb(255,255,255);; --column-width:4;\" data-width=\"4\" data-bt-override-class=\"{&quot;bt_bb_align_&quot;:{&quot;current_class&quot;:&quot;bt_bb_align_center&quot;,&quot;def&quot;:&quot;center&quot;},&quot;bt_bb_padding_&quot;:{&quot;current_class&quot;:&quot;bt_bb_padding_5&quot;,&quot;def&quot;:&quot;5&quot;}}\"><div class=\"bt_bb_column_content\"><div class=\"bt_bb_column_content_inner\"><div class=\"bt_bb_separator bt_bb_border_style_none bt_bb_bottom_spacing_medium\" data-bt-override-class=\"null\"><\/div><header data-bb-version=\"4.6.1\" class=\"bt_bb_headline bt_bb_dash_none bt_bb_size_medium bt_bb_align_inherit\" data-bt-override-class=\"{&quot;bt_bb_size_&quot;:{&quot;current_class&quot;:&quot;bt_bb_size_medium&quot;,&quot;def&quot;:&quot;medium&quot;},&quot;bt_bb_align_&quot;:{&quot;current_class&quot;:&quot;bt_bb_align_inherit&quot;,&quot;def&quot;:&quot;inherit&quot;}}\"><h4 class=\"bt_bb_headline_tag\"><span class=\"bt_bb_headline_content\"><span>Producto de temporada<\/span><\/span><\/h4><\/header><div class=\"bt_bb_separator bt_bb_border_style_none bt_bb_bottom_spacing_normal\" data-bt-override-class=\"null\"><\/div><div  class=\"bt_bb_text\" ><\/p>\n<p>Nos adaptamos a tus necesidades y te proponemos un men\u00fa a medida para cada ocasi\u00f3n.<br \/>\nTodo un deleite para los sentidos que har\u00e1 que tu evento sea un \u00e9xito<\/p>\n<p>\n<\/div><div class=\"bt_bb_separator bt_bb_border_style_none bt_bb_bottom_spacing_normal\" data-bt-override-class=\"null\"><\/div><div data-bb-version=\"4.9.0\" class=\"bt_bb_button bt_bb_color_scheme_3 bt_bb_icon_position_left bt_bb_style_line bt_bb_size_medium bt_bb_width_inline bt_bb_shape_round bt_bb_target_self bt_bb_text_transform_inherit bt_bb_align_inherit btWithText\" style=\"; --primary-color:#686868; --secondary-color:#181818;\" data-bt-override-class=\"{&quot;bt_bb_size_&quot;:{&quot;current_class&quot;:&quot;bt_bb_size_medium&quot;,&quot;def&quot;:&quot;medium&quot;},&quot;bt_bb_align_&quot;:{&quot;current_class&quot;:&quot;bt_bb_align_inherit&quot;,&quot;def&quot;:&quot;inherit&quot;}}\"><a href=\"https:\/\/www.xertacatering.com\/es\/contacto\/\" target=\"_self\" class=\"bt_bb_link\" title=\"CONTACTA\"><span class=\"bt_bb_button_text\" >CONTACTA<\/span><\/a><\/div><div class=\"bt_bb_separator bt_bb_border_style_none bt_bb_bottom_spacing_medium\" data-bt-override-class=\"null\"><\/div><\/div><\/div><\/div><\/div><\/div><\/div><!-- cell_inner --><\/div><!-- cell --><\/div><!-- port --><\/section><section id=\"bt_bb_section69f3ad28ab065\" class=\"bt_bb_section bt_bb_color_scheme_4 bt_bb_layout_wide bt_bb_vertical_align_top bt_bb_bottom_spacing_medium\" style=\"; --section-primary-color:#686868; --section-secondary-color:#ffffff;\" data-bt-override-class=\"null\"><div class=\"bt_bb_port\"><div class=\"bt_bb_cell\"><div class=\"bt_bb_cell_inner\"><div class=\"bt_bb_row \"  data-bt-override-class=\"{}\"><div class=\"bt_bb_row_holder\" ><div data-bb-version=\"4.8.9\"  class=\"bt_bb_column col-xxl-4 col-xl-4 bt_bb_vertical_align_top bt_bb_align_center btLazyLoadBackground bt_bb_column_background_image bt_bb_padding_normal bt_bb_animation_fade_in move_up animate\" style=\"background-image:url(&#039;https:\/\/www.xertacatering.com\/wp-content\/plugins\/bold-page-builder\/img\/blank.gif&#039;);; --column-width:4;\" data-background_image_src='https:\/\/www.xertacatering.com\/wp-content\/uploads\/2024\/04\/xerta-catering-fiesta-navidad.jpg' data-width=\"4\" data-bt-override-class=\"{&quot;bt_bb_align_&quot;:{&quot;current_class&quot;:&quot;bt_bb_align_center&quot;,&quot;def&quot;:&quot;center&quot;},&quot;bt_bb_padding_&quot;:{&quot;current_class&quot;:&quot;bt_bb_padding_normal&quot;,&quot;def&quot;:&quot;normal&quot;}}\"><div class=\"bt_bb_column_content\"><div class=\"bt_bb_column_content_inner\"><div data-bb-version=\"4.8.9\" class=\"bt_bb_image bt_bb_shape_square bt_bb_target_self bt_bb_align_inherit bt_bb_hover_style_simple bt_bb_content_display_always bt_bb_content_align_middle bt_bb_negative_margin_medium\" data-bt-override-class=\"{&quot;bt_bb_align_&quot;:{&quot;current_class&quot;:&quot;bt_bb_align_inherit&quot;,&quot;def&quot;:&quot;inherit&quot;}}\"><span><img decoding=\"async\" src=\"https:\/\/www.xertacatering.com\/wp-content\/plugins\/bold-page-builder\/img\/placeholder.png\" alt=\"Placeholder image\" title=\"Placeholder image\"><\/span><\/div><div class=\"bt_bb_separator bt_bb_border_style_none bt_bb_bottom_spacing_medium\" data-bt-override-class=\"null\"><\/div><\/div><\/div><\/div><div  class=\"bt_bb_column col-xxl-4 col-xl-4 bt_bb_vertical_align_top bt_bb_align_left bt_bb_padding_30 bt_bb_animation_fade_in animate\" style=\"; --column-width:4;\" data-width=\"4\" data-bt-override-class=\"{}\"><div class=\"bt_bb_column_content\"><div class=\"bt_bb_column_content_inner\"><div class=\"bt_bb_separator bt_bb_border_style_none bt_bb_bottom_spacing_large bt_bb_hidden_xs bt_bb_hidden_ms bt_bb_hidden_sm\" data-bt-override-class=\"null\"><\/div><header data-bb-version=\"4.6.1\" class=\"bt_bb_headline bt_bb_dash_none bt_bb_size_medium bt_bb_align_inherit\" data-bt-override-class=\"{&quot;bt_bb_size_&quot;:{&quot;current_class&quot;:&quot;bt_bb_size_medium&quot;,&quot;def&quot;:&quot;medium&quot;},&quot;bt_bb_align_&quot;:{&quot;current_class&quot;:&quot;bt_bb_align_inherit&quot;,&quot;def&quot;:&quot;inherit&quot;}}\"><h4 class=\"bt_bb_headline_tag\"><span class=\"bt_bb_headline_content\"><span>Cuarta generaci\u00f3n de restauradores<\/span><\/span><\/h4><\/header><div data-bb-version=\"4.6.1\" class=\"bt_bb_separator bt_bb_border_style_none bt_bb_top_spacing_none bt_bb_bottom_spacing_normal bt_bb_hidden_xs bt_bb_hidden_ms bt_bb_hidden_sm\" data-bt-override-class=\"{&quot;bt_bb_top_spacing_&quot;:{&quot;current_class&quot;:&quot;bt_bb_top_spacing_none&quot;,&quot;def&quot;:&quot;none&quot;},&quot;bt_bb_bottom_spacing_&quot;:{&quot;current_class&quot;:&quot;bt_bb_bottom_spacing_normal&quot;,&quot;def&quot;:&quot;normal&quot;}}\"><\/div><div  class=\"bt_bb_text\" style=\"max-width: 520px; margin: 0 auto;\"><\/p>\n<p>Somos la cuarta generaci\u00f3n de restauradores de la familia y tenemos una trayectoria de m\u00e1s de setenta a\u00f1os en el mundo de las celebraciones y los eventos.<br \/>\nTe ofrecemos una propuesta gastron\u00f3mica hecha a medida, con la garant\u00eda de m\u00e1s de 10 a\u00f1os en el mundo de los eventos<br \/>\nPonemos a su disposici\u00f3n toda nuestra dedicaci\u00f3n y esfuerzo, para que tu evento sea un \u00e9xito.<\/p>\n<p>\n<\/div><div class=\"bt_bb_separator bt_bb_border_style_solid bt_bb_border_color_accent bt_bb_top_spacing_medium bt_bb_bottom_spacing_small\" style=\"; opacity: 0.5\" data-bt-override-class=\"null\"><\/div><div data-bb-version=\"4.9.1\" class=\"bt_bb_link\"><a href=\"https:\/\/www.xertacatering.com\/es\/equipo\/\" target=\"_self\" class=\"bt_bb_link_content\" title=\"EQUIPO\"><span class=\"bt_bb_link_text\">EQUIPO<\/span><span class=\"bt_bb_link_icon\"><\/span><\/a><\/div><div class=\"bt_bb_separator bt_bb_border_style_solid bt_bb_border_color_accent bt_bb_top_spacing_small bt_bb_bottom_spacing_small\" style=\"; opacity: 0.5\" data-bt-override-class=\"null\"><\/div><div data-bb-version=\"4.9.0\" class=\"bt_bb_link\"><a href=\"https:\/\/www.xertacatering.com\/es\/contacto\/\" target=\"_self\" class=\"bt_bb_link_content\" title=\"ESPACIOS\"><span class=\"bt_bb_link_text\">ESPACIOS<\/span><span class=\"bt_bb_link_icon\"><\/span><\/a><\/div><div class=\"bt_bb_separator bt_bb_border_style_solid bt_bb_border_color_accent bt_bb_top_spacing_small bt_bb_bottom_spacing_small\" style=\"; opacity: 0.5\" data-bt-override-class=\"null\"><\/div><div data-bb-version=\"4.9.0\" class=\"bt_bb_link\"><a href=\"https:\/\/www.xertacatering.com\/es\/contacto\/\" target=\"_self\" class=\"bt_bb_link_content\" title=\"CONTACTA\"><span class=\"bt_bb_link_text\">CONTACTA<\/span><span class=\"bt_bb_link_icon\"><\/span><\/a><\/div><div class=\"bt_bb_separator bt_bb_border_style_solid bt_bb_border_color_accent bt_bb_top_spacing_small bt_bb_bottom_spacing_medium\" style=\"; opacity: 0.5\" data-bt-override-class=\"null\"><\/div><\/div><\/div><\/div><div  class=\"bt_bb_column col-xxl-4 col-xl-4 bt_bb_vertical_align_top bt_bb_align_center bt_bb_padding_normal bt_bb_animation_fade_in move_up animate\" style=\"; --column-width:4;\" data-width=\"4\" data-bt-override-class=\"{}\"><div class=\"bt_bb_column_content\"><div class=\"bt_bb_column_content_inner\"><div class=\"bt_bb_separator bt_bb_border_style_none bt_bb_bottom_spacing_large bt_bb_hidden_xs bt_bb_hidden_ms bt_bb_hidden_sm\" data-bt-override-class=\"null\"><\/div><div data-bb-version=\"4.8.9\" class=\"bt_bb_image btRightMargin bt_bb_shape_square bt_bb_target_self bt_bb_align_inherit bt_bb_hover_style_simple bt_bb_content_display_always bt_bb_content_align_middle\" data-bt-override-class=\"{&quot;bt_bb_align_&quot;:{&quot;current_class&quot;:&quot;bt_bb_align_inherit&quot;,&quot;def&quot;:&quot;inherit&quot;}}\"><span><img loading=\"lazy\" decoding=\"async\" width=\"1200\" height=\"2133\" src=\"https:\/\/www.xertacatering.com\/wp-content\/uploads\/2024\/04\/xerta-catering-equipo.jpg\" class=\"attachment-full size-full\" alt=\"https:\/\/www.xertacatering.com\/wp-content\/uploads\/2024\/04\/xerta-catering-equipo.jpg\" data-full_image_src=\"https:\/\/www.xertacatering.com\/wp-content\/uploads\/2024\/04\/xerta-catering-equipo.jpg\" title=\"xerta-catering-equipo\" srcset=\"https:\/\/www.xertacatering.com\/wp-content\/uploads\/2024\/04\/xerta-catering-equipo.jpg 1200w, https:\/\/www.xertacatering.com\/wp-content\/uploads\/2024\/04\/xerta-catering-equipo-640x1138.jpg 640w, https:\/\/www.xertacatering.com\/wp-content\/uploads\/2024\/04\/xerta-catering-equipo-768x1365.jpg 768w, https:\/\/www.xertacatering.com\/wp-content\/uploads\/2024\/04\/xerta-catering-equipo-864x1536.jpg 864w, https:\/\/www.xertacatering.com\/wp-content\/uploads\/2024\/04\/xerta-catering-equipo-1152x2048.jpg 1152w, https:\/\/www.xertacatering.com\/wp-content\/uploads\/2024\/04\/xerta-catering-equipo-320x569.jpg 320w\" sizes=\"auto, (max-width: 1200px) 100vw, 1200px\" \/><\/span><\/div><div class=\"bt_bb_separator bt_bb_border_style_none bt_bb_bottom_spacing_medium\" data-bt-override-class=\"null\"><\/div><\/div><\/div><\/div><\/div><\/div><\/div><!-- cell_inner --><\/div><!-- cell --><\/div><!-- port --><\/section><section data-bb-version=\"4.6.1\" id=\"bt_bb_section69f3ad28acb8a\" class=\"bt_bb_section bt_bb_color_scheme_14 bt_bb_layout_boxed_1200 bt_bb_vertical_align_top bt_bb_top_spacing_normal bt_bb_bottom_spacing_large\" style=\"; --section-primary-color:#686868; --section-secondary-color:#f8f7f4;\" data-bt-override-class=\"{&quot;bt_bb_top_spacing_&quot;:{&quot;current_class&quot;:&quot;bt_bb_top_spacing_normal&quot;,&quot;def&quot;:&quot;normal&quot;},&quot;bt_bb_bottom_spacing_&quot;:{&quot;current_class&quot;:&quot;bt_bb_bottom_spacing_large&quot;,&quot;def&quot;:&quot;large&quot;}}\"><div class=\"bt_bb_port\"><div class=\"bt_bb_cell\"><div class=\"bt_bb_cell_inner\"><div class=\"bt_bb_row \"  data-bt-override-class=\"{}\"><div class=\"bt_bb_row_holder\" ><div  class=\"bt_bb_column col-xxl-12 col-xl-12 bt_bb_vertical_align_top bt_bb_align_center bt_bb_padding_normal bt_bb_animation_fade_in animate\" style=\"; --column-width:12;\" data-width=\"12\" data-bt-override-class=\"{}\"><div class=\"bt_bb_column_content\"><div class=\"bt_bb_column_content_inner\"><div data-bb-version=\"4.6.1\" class=\"bt_bb_icon bt_bb_color_scheme_3 bt_bb_style_borderless bt_bb_size_normal bt_bb_shape_circle bt_bb_target_self bt_bb_text_empty bt_bb_align_inherit\" style=\"; --primary-color:#686868; --secondary-color:#181818;\" data-bt-override-class=\"{&quot;bt_bb_size_&quot;:{&quot;current_class&quot;:&quot;bt_bb_size_normal&quot;,&quot;def&quot;:&quot;normal&quot;},&quot;bt_bb_align_&quot;:{&quot;current_class&quot;:&quot;bt_bb_align_inherit&quot;,&quot;def&quot;:&quot;inherit&quot;}}\"><span  data-ico-drawings=\"&#xe93b;\" class=\"bt_bb_icon_holder\"><\/span><\/div><div class=\"bt_bb_separator bt_bb_border_style_none bt_bb_bottom_spacing_extra_small\" data-bt-override-class=\"null\"><\/div><header class=\"bt_bb_headline bt_bb_dash_none bt_bb_superheadline bt_bb_size_normal bt_bb_align_inherit\" data-bt-override-class=\"{}\"><h3 class=\"bt_bb_headline_tag\"><span class=\"bt_bb_headline_superheadline\">XERTA CATERING<\/span><span class=\"bt_bb_headline_content\"><span>EVENTOS<\/span><\/span><\/h3><\/header><div class=\"bt_bb_separator bt_bb_border_style_none bt_bb_bottom_spacing_medium\" data-bt-override-class=\"null\"><\/div><\/div><\/div><\/div><\/div><\/div><div class=\"bt_bb_row  bt_bb_column_gap_45\" style=\"; --column-gap:45px;\" data-bt-override-class=\"{}\"><div class=\"bt_bb_row_holder\" ><div data-bb-version=\"4.6.1\"  class=\"bt_bb_column col-xxl-6 col-xl-6 bt_bb_vertical_align_top bt_bb_align_center bt_bb_padding_normal bt_bb_animation_fade_in animate\" style=\"; --column-width:6;\" data-width=\"6\" data-bt-override-class=\"{&quot;bt_bb_align_&quot;:{&quot;current_class&quot;:&quot;bt_bb_align_center&quot;,&quot;def&quot;:&quot;center&quot;},&quot;bt_bb_padding_&quot;:{&quot;current_class&quot;:&quot;bt_bb_padding_normal&quot;,&quot;def&quot;:&quot;normal&quot;}}\"><div class=\"bt_bb_column_content\" style=\"background-color:rgba(255, 255, 255, 1);\"><div class=\"bt_bb_column_content_inner\"><div data-bb-version=\"4.9.0\" class=\"bt_bb_image bt_bb_shape_square bt_bb_target_self bt_bb_align_inherit bt_bb_hover_style_simple bt_bb_content_display_always bt_bb_content_align_middle\" data-bt-override-class=\"{&quot;bt_bb_align_&quot;:{&quot;current_class&quot;:&quot;bt_bb_align_inherit&quot;,&quot;def&quot;:&quot;inherit&quot;}}\"><span><img loading=\"lazy\" decoding=\"async\" width=\"768\" height=\"512\" src=\"https:\/\/www.xertacatering.com\/wp-content\/uploads\/2019\/12\/Casaments-dels-influencers-Yago-Bruna-i-Carolina-Ferrer-xerta-Catering-Fran-Lopez-51-768x512.jpg\" class=\"attachment-medium_large size-medium_large\" alt=\"Casaments influencers Yago Bruna i Carolina Ferrer -xerta Catering Fran Lopez - bodas-catering-eventos-estrella-michelin\" data-full_image_src=\"https:\/\/www.xertacatering.com\/wp-content\/uploads\/2019\/12\/Casaments-dels-influencers-Yago-Bruna-i-Carolina-Ferrer-xerta-Catering-Fran-Lopez-51.jpg\" title=\"Casaments dels influencers Yago Bruna i Carolina Ferrer -xerta Catering Fran Lopez (51)\" srcset=\"https:\/\/www.xertacatering.com\/wp-content\/uploads\/2019\/12\/Casaments-dels-influencers-Yago-Bruna-i-Carolina-Ferrer-xerta-Catering-Fran-Lopez-51-768x512.jpg 768w, https:\/\/www.xertacatering.com\/wp-content\/uploads\/2019\/12\/Casaments-dels-influencers-Yago-Bruna-i-Carolina-Ferrer-xerta-Catering-Fran-Lopez-51-300x200.jpg 300w, https:\/\/www.xertacatering.com\/wp-content\/uploads\/2019\/12\/Casaments-dels-influencers-Yago-Bruna-i-Carolina-Ferrer-xerta-Catering-Fran-Lopez-51-1024x683.jpg 1024w, https:\/\/www.xertacatering.com\/wp-content\/uploads\/2019\/12\/Casaments-dels-influencers-Yago-Bruna-i-Carolina-Ferrer-xerta-Catering-Fran-Lopez-51-900x600.jpg 900w, https:\/\/www.xertacatering.com\/wp-content\/uploads\/2019\/12\/Casaments-dels-influencers-Yago-Bruna-i-Carolina-Ferrer-xerta-Catering-Fran-Lopez-51-675x450.jpg 675w, https:\/\/www.xertacatering.com\/wp-content\/uploads\/2019\/12\/Casaments-dels-influencers-Yago-Bruna-i-Carolina-Ferrer-xerta-Catering-Fran-Lopez-51.jpg 1200w\" sizes=\"auto, (max-width: 768px) 100vw, 768px\" \/><\/span><\/div><div class=\"bt_bb_separator bt_bb_border_style_none bt_bb_bottom_spacing_medium\" data-bt-override-class=\"null\"><\/div><header data-bb-version=\"4.9.0\" class=\"bt_bb_headline bt_bb_dash_none bt_bb_subheadline bt_bb_size_medium bt_bb_align_inherit\" data-bt-override-class=\"{&quot;bt_bb_size_&quot;:{&quot;current_class&quot;:&quot;bt_bb_size_medium&quot;,&quot;def&quot;:&quot;medium&quot;},&quot;bt_bb_align_&quot;:{&quot;current_class&quot;:&quot;bt_bb_align_inherit&quot;,&quot;def&quot;:&quot;inherit&quot;}}\"><h4 class=\"bt_bb_headline_tag\"><span class=\"bt_bb_headline_content\"><span><a href=\"https:\/\/www.xertacatering.com\/es\/boda-de-los-influencers-yago-bruna-y-carolina-ferrer\/\" target=\"_self\" title=\"Boda en el campo\">Boda en el campo<\/a><\/span><\/span><\/h4><div class=\"bt_bb_headline_subheadline\">Xerta Catering<\/div><\/header><div class=\"bt_bb_separator bt_bb_border_style_none bt_bb_bottom_spacing_small\" data-bt-override-class=\"null\"><\/div><div data-bb-version=\"4.9.0\" class=\"bt_bb_button bt_bb_color_scheme_3 bt_bb_icon_position_left bt_bb_style_line bt_bb_size_medium bt_bb_width_inline bt_bb_shape_round bt_bb_target_self bt_bb_text_transform_inherit bt_bb_align_inherit btWithText\" style=\"; --primary-color:#686868; --secondary-color:#181818;\" data-bt-override-class=\"{&quot;bt_bb_size_&quot;:{&quot;current_class&quot;:&quot;bt_bb_size_medium&quot;,&quot;def&quot;:&quot;medium&quot;},&quot;bt_bb_align_&quot;:{&quot;current_class&quot;:&quot;bt_bb_align_inherit&quot;,&quot;def&quot;:&quot;inherit&quot;}}\"><a href=\"https:\/\/www.xertacatering.com\/es\/boda-de-los-influencers-yago-bruna-y-carolina-ferrer\/\" target=\"_self\" class=\"bt_bb_link\" title=\"GALERIA DEL EVENTO\"><span class=\"bt_bb_button_text\" >GALERIA DEL EVENTO<\/span><\/a><\/div><div class=\"bt_bb_separator bt_bb_border_style_none bt_bb_bottom_spacing_medium\" data-bt-override-class=\"null\"><\/div><\/div><\/div><\/div><div data-bb-version=\"4.6.1\"  class=\"bt_bb_column col-xxl-6 col-xl-6 bt_bb_vertical_align_top bt_bb_align_center bt_bb_padding_normal bt_bb_animation_fade_in move_up animate\" style=\"; --column-width:6;\" data-width=\"6\" data-bt-override-class=\"{&quot;bt_bb_align_&quot;:{&quot;current_class&quot;:&quot;bt_bb_align_center&quot;,&quot;def&quot;:&quot;center&quot;},&quot;bt_bb_padding_&quot;:{&quot;current_class&quot;:&quot;bt_bb_padding_normal&quot;,&quot;def&quot;:&quot;normal&quot;}}\"><div class=\"bt_bb_column_content\" style=\"background-color:rgb(255,255,255);\"><div class=\"bt_bb_column_content_inner\"><div data-bb-version=\"4.9.0\" class=\"bt_bb_image bt_bb_shape_square bt_bb_target_self bt_bb_align_inherit bt_bb_hover_style_simple bt_bb_content_display_always bt_bb_content_align_middle\" data-bt-override-class=\"{&quot;bt_bb_align_&quot;:{&quot;current_class&quot;:&quot;bt_bb_align_inherit&quot;,&quot;def&quot;:&quot;inherit&quot;}}\"><span><img loading=\"lazy\" decoding=\"async\" width=\"768\" height=\"513\" src=\"https:\/\/www.xertacatering.com\/wp-content\/uploads\/2020\/08\/xerta-catering-eventos-empresa-esdeveniments-empresa-sopars-convenciones-presentaciones-celebraciones-estrella-michelin-fran-lopez-barcelona-xerta-tarragona-bodas-768x513.jpg\" class=\"attachment-medium_large size-medium_large\" alt=\"xerta-catering-eventos-empresa-esdeveniments-empresa-sopars-convenciones-presentaciones-celebraciones-estrella-michelin-fran-lopez-barcelona-xerta-tarragona-bodas\" data-full_image_src=\"https:\/\/www.xertacatering.com\/wp-content\/uploads\/2020\/08\/xerta-catering-eventos-empresa-esdeveniments-empresa-sopars-convenciones-presentaciones-celebraciones-estrella-michelin-fran-lopez-barcelona-xerta-tarragona-bodas.jpg\" title=\"xerta-catering-eventos-empresa-esdeveniments-empresa-sopars-convenciones-presentaciones-celebraciones-estrella-michelin-fran-lopez-barcelona-xerta-tarragona-bodas\" srcset=\"https:\/\/www.xertacatering.com\/wp-content\/uploads\/2020\/08\/xerta-catering-eventos-empresa-esdeveniments-empresa-sopars-convenciones-presentaciones-celebraciones-estrella-michelin-fran-lopez-barcelona-xerta-tarragona-bodas-768x513.jpg 768w, https:\/\/www.xertacatering.com\/wp-content\/uploads\/2020\/08\/xerta-catering-eventos-empresa-esdeveniments-empresa-sopars-convenciones-presentaciones-celebraciones-estrella-michelin-fran-lopez-barcelona-xerta-tarragona-bodas-300x200.jpg 300w, https:\/\/www.xertacatering.com\/wp-content\/uploads\/2020\/08\/xerta-catering-eventos-empresa-esdeveniments-empresa-sopars-convenciones-presentaciones-celebraciones-estrella-michelin-fran-lopez-barcelona-xerta-tarragona-bodas-1024x684.jpg 1024w, https:\/\/www.xertacatering.com\/wp-content\/uploads\/2020\/08\/xerta-catering-eventos-empresa-esdeveniments-empresa-sopars-convenciones-presentaciones-celebraciones-estrella-michelin-fran-lopez-barcelona-xerta-tarragona-bodas-900x600.jpg 900w, https:\/\/www.xertacatering.com\/wp-content\/uploads\/2020\/08\/xerta-catering-eventos-empresa-esdeveniments-empresa-sopars-convenciones-presentaciones-celebraciones-estrella-michelin-fran-lopez-barcelona-xerta-tarragona-bodas-675x450.jpg 675w, https:\/\/www.xertacatering.com\/wp-content\/uploads\/2020\/08\/xerta-catering-eventos-empresa-esdeveniments-empresa-sopars-convenciones-presentaciones-celebraciones-estrella-michelin-fran-lopez-barcelona-xerta-tarragona-bodas.jpg 1200w\" sizes=\"auto, (max-width: 768px) 100vw, 768px\" \/><\/span><\/div><div class=\"bt_bb_separator bt_bb_border_style_none bt_bb_bottom_spacing_medium\" data-bt-override-class=\"null\"><\/div><header data-bb-version=\"4.9.0\" class=\"bt_bb_headline bt_bb_dash_none bt_bb_subheadline bt_bb_size_medium bt_bb_align_inherit\" data-bt-override-class=\"{&quot;bt_bb_size_&quot;:{&quot;current_class&quot;:&quot;bt_bb_size_medium&quot;,&quot;def&quot;:&quot;medium&quot;},&quot;bt_bb_align_&quot;:{&quot;current_class&quot;:&quot;bt_bb_align_inherit&quot;,&quot;def&quot;:&quot;inherit&quot;}}\"><h4 class=\"bt_bb_headline_tag\"><span class=\"bt_bb_headline_content\"><span><a href=\"https:\/\/www.xertacatering.com\/es\/catering-en-un-evento-institucional\/\" target=\"_self\" title=\"Catering en un evento institucional\">Catering en un evento institucional<\/a><\/span><\/span><\/h4><div class=\"bt_bb_headline_subheadline\">Xerta Catering<\/div><\/header><div class=\"bt_bb_separator bt_bb_border_style_none bt_bb_bottom_spacing_small\" data-bt-override-class=\"null\"><\/div><div data-bb-version=\"4.9.0\" class=\"bt_bb_button bt_bb_color_scheme_3 bt_bb_icon_position_left bt_bb_style_line bt_bb_size_medium bt_bb_width_inline bt_bb_shape_round bt_bb_target_self bt_bb_text_transform_inherit bt_bb_align_inherit btWithText\" style=\"; --primary-color:#686868; --secondary-color:#181818;\" data-bt-override-class=\"{&quot;bt_bb_size_&quot;:{&quot;current_class&quot;:&quot;bt_bb_size_medium&quot;,&quot;def&quot;:&quot;medium&quot;},&quot;bt_bb_align_&quot;:{&quot;current_class&quot;:&quot;bt_bb_align_inherit&quot;,&quot;def&quot;:&quot;inherit&quot;}}\"><a href=\"https:\/\/www.xertacatering.com\/es\/catering-en-un-evento-institucional\/\" target=\"_self\" class=\"bt_bb_link\" title=\"GALERIA DEL EVENTO\"><span class=\"bt_bb_button_text\" >GALERIA DEL EVENTO<\/span><\/a><\/div><div class=\"bt_bb_separator bt_bb_border_style_none bt_bb_bottom_spacing_medium\" data-bt-override-class=\"null\"><\/div><\/div><\/div><\/div><\/div><\/div><\/div><!-- cell_inner --><\/div><!-- cell --><\/div><!-- port --><\/section><section data-bb-version=\"4.6.1\" id=\"bt_bb_section69f3ad28aed02\" class=\"bt_bb_section bt_bb_layout_wide bt_bb_vertical_align_top bt_bb_top_spacing_normal bt_bb_bottom_spacing_none\"  data-bt-override-class=\"{&quot;bt_bb_top_spacing_&quot;:{&quot;current_class&quot;:&quot;bt_bb_top_spacing_normal&quot;,&quot;def&quot;:&quot;normal&quot;},&quot;bt_bb_bottom_spacing_&quot;:{&quot;current_class&quot;:&quot;bt_bb_bottom_spacing_none&quot;,&quot;def&quot;:&quot;none&quot;}}\"><div class=\"bt_bb_port\"><div class=\"bt_bb_cell\"><div class=\"bt_bb_cell_inner\"><div class=\"bt_bb_row  bt_bb_column_gap_0\" style=\"; --column-gap:0px;\" data-bt-override-class=\"{}\"><div class=\"bt_bb_row_holder\" ><div  class=\"bt_bb_column col-xxl-7 col-xl-7 col-xs-12 col-sm-12 col-md-12 col-lg-6 bt_bb_vertical_align_middle bt_bb_align_center bt_bb_padding_20 bt_bb_animation_fade_in animate\" style=\"; --column-width:7;\" data-width=\"7\" data-bt-override-class=\"{}\"><div class=\"bt_bb_column_content\"><div class=\"bt_bb_column_content_inner\"><div class=\"bt_bb_separator bt_bb_border_style_none bt_bb_bottom_spacing_medium\" data-bt-override-class=\"null\"><\/div><div class=\"bt_bb_separator bt_bb_border_style_none bt_bb_bottom_spacing_extra_small\" data-bt-override-class=\"null\"><\/div><header data-bb-version=\"4.9.1\" class=\"bt_bb_headline bt_bb_dash_none bt_bb_size_normal bt_bb_align_inherit\" style=\" max-width: 530px; margin: 0 auto;\" data-bt-override-class=\"{&quot;bt_bb_size_&quot;:{&quot;current_class&quot;:&quot;bt_bb_size_normal&quot;,&quot;def&quot;:&quot;normal&quot;},&quot;bt_bb_align_&quot;:{&quot;current_class&quot;:&quot;bt_bb_align_inherit&quot;,&quot;def&quot;:&quot;inherit&quot;}}\"><h3 class=\"bt_bb_headline_tag\"><span class=\"bt_bb_headline_content\"><span>Gastronom\u00eda y servicio de alta cocina<\/span><\/span><\/h3><\/header><div class=\"bt_bb_separator bt_bb_border_style_none bt_bb_bottom_spacing_normal\" data-bt-override-class=\"null\"><\/div><div  class=\"bt_bb_text\" style=\" max-width: 530px; margin: 0 auto;\"><\/p>\n<p>Elige tu espacio y personaliza tu men\u00fa. Llevamos las soluciones gastron\u00f3micas m\u00e1s innovadoras y exclusivas por todo el pa\u00eds. S\u00f3lo necesitamos grandes espacios p\u00fablicos o privados para disfrutar del mejor evento.<\/p>\n<p>\n<\/div><div class=\"bt_bb_separator bt_bb_border_style_none bt_bb_bottom_spacing_normal\" data-bt-override-class=\"null\"><\/div><div data-bb-version=\"4.9.0\" class=\"bt_bb_button bt_bb_color_scheme_3 bt_bb_icon_position_left bt_bb_style_line bt_bb_size_normal bt_bb_width_inline bt_bb_shape_round bt_bb_target_self bt_bb_text_transform_inherit bt_bb_align_inherit btWithText\" style=\"; --primary-color:#686868; --secondary-color:#181818;\" data-bt-override-class=\"{&quot;bt_bb_size_&quot;:{&quot;current_class&quot;:&quot;bt_bb_size_normal&quot;,&quot;def&quot;:&quot;normal&quot;},&quot;bt_bb_align_&quot;:{&quot;current_class&quot;:&quot;bt_bb_align_inherit&quot;,&quot;def&quot;:&quot;inherit&quot;}}\"><a href=\"https:\/\/www.xertacatering.com\/es\/contacto\/\" target=\"_self\" class=\"bt_bb_link\" title=\"ESPACIOS\"><span class=\"bt_bb_button_text\" >ESPACIOS<\/span><\/a><\/div><div class=\"bt_bb_separator bt_bb_border_style_none bt_bb_bottom_spacing_medium\" data-bt-override-class=\"null\"><\/div><\/div><\/div><\/div><div  class=\"bt_bb_column col-xxl-5 col-xl-5 col-xs-12 col-sm-12 col-md-12 col-lg-6 bt_bb_vertical_align_middle bt_bb_align_left bt_bb_padding_normal bt_bb_animation_fade_in animate\" style=\"; --column-width:5;\" data-width=\"5\" data-bt-override-class=\"{&quot;bt_bb_align_&quot;:{&quot;current_class&quot;:&quot;bt_bb_align_left&quot;,&quot;def&quot;:&quot;left&quot;,&quot;xl&quot;:&quot;left&quot;,&quot;md&quot;:&quot;center&quot;,&quot;sm&quot;:&quot;center&quot;,&quot;xs&quot;:&quot;center&quot;}}\"><div class=\"bt_bb_column_content\"><div class=\"bt_bb_column_content_inner\"><div data-bb-version=\"4.8.9\" class=\"bt_bb_image bt_bb_shape_square bt_bb_target_self bt_bb_align_inherit bt_bb_hover_style_simple bt_bb_content_display_always bt_bb_content_align_middle\" data-bt-override-class=\"{&quot;bt_bb_align_&quot;:{&quot;current_class&quot;:&quot;bt_bb_align_inherit&quot;,&quot;def&quot;:&quot;inherit&quot;}}\"><span><img loading=\"lazy\" decoding=\"async\" width=\"800\" height=\"800\" src=\"https:\/\/www.xertacatering.com\/wp-content\/uploads\/2022\/04\/boda-barcelona-xerta.jpeg\" class=\"attachment-full size-full\" alt=\"https:\/\/www.xertacatering.com\/wp-content\/uploads\/2022\/04\/boda-barcelona-xerta.jpeg\" data-full_image_src=\"https:\/\/www.xertacatering.com\/wp-content\/uploads\/2022\/04\/boda-barcelona-xerta.jpeg\" title=\"boda barcelona xerta\" srcset=\"https:\/\/www.xertacatering.com\/wp-content\/uploads\/2022\/04\/boda-barcelona-xerta.jpeg 800w, https:\/\/www.xertacatering.com\/wp-content\/uploads\/2022\/04\/boda-barcelona-xerta-300x300.jpeg 300w, https:\/\/www.xertacatering.com\/wp-content\/uploads\/2022\/04\/boda-barcelona-xerta-150x150.jpeg 150w, https:\/\/www.xertacatering.com\/wp-content\/uploads\/2022\/04\/boda-barcelona-xerta-768x768.jpeg 768w, https:\/\/www.xertacatering.com\/wp-content\/uploads\/2022\/04\/boda-barcelona-xerta-100x100.jpeg 100w, https:\/\/www.xertacatering.com\/wp-content\/uploads\/2022\/04\/boda-barcelona-xerta-140x140.jpeg 140w, https:\/\/www.xertacatering.com\/wp-content\/uploads\/2022\/04\/boda-barcelona-xerta-500x500.jpeg 500w, https:\/\/www.xertacatering.com\/wp-content\/uploads\/2022\/04\/boda-barcelona-xerta-350x350.jpeg 350w\" sizes=\"auto, (max-width: 800px) 100vw, 800px\" \/><\/span><\/div><\/div><\/div><\/div><\/div><\/div><\/div><!-- cell_inner --><\/div><!-- cell --><\/div><!-- port --><\/section><section data-bb-version=\"4.6.1\" id=\"bt_bb_section69f3ad28afd8f\" class=\"bt_bb_section bt_bb_color_scheme_14 bt_bb_layout_boxed_1200 bt_bb_vertical_align_top bt_bb_top_spacing_large bt_bb_bottom_spacing_large\" style=\"; --section-primary-color:#686868; --section-secondary-color:#f8f7f4;\" data-bt-override-class=\"{&quot;bt_bb_top_spacing_&quot;:{&quot;current_class&quot;:&quot;bt_bb_top_spacing_large&quot;,&quot;def&quot;:&quot;large&quot;},&quot;bt_bb_bottom_spacing_&quot;:{&quot;current_class&quot;:&quot;bt_bb_bottom_spacing_large&quot;,&quot;def&quot;:&quot;large&quot;}}\"><div class=\"bt_bb_port\"><div class=\"bt_bb_cell\"><div class=\"bt_bb_cell_inner\"><div class=\"bt_bb_row \"  data-bt-override-class=\"{}\"><div class=\"bt_bb_row_holder\" ><div  class=\"bt_bb_column col-xxl-6 col-xl-6 bt_bb_vertical_align_top bt_bb_align_center bt_bb_padding_normal bt_bb_animation_fade_in animate\" style=\"; --column-width:6;\" data-width=\"6\" data-bt-override-class=\"{}\"><div class=\"bt_bb_column_content\"><div class=\"bt_bb_column_content_inner\"><div data-bb-version=\"4.8.9\" class=\"bt_bb_image bt_bb_shape_square bt_bb_target_self bt_bb_align_inherit bt_bb_hover_style_simple bt_bb_content_display_always bt_bb_content_align_middle\" data-bt-override-class=\"{&quot;bt_bb_align_&quot;:{&quot;current_class&quot;:&quot;bt_bb_align_inherit&quot;,&quot;def&quot;:&quot;inherit&quot;}}\"><span><img loading=\"lazy\" decoding=\"async\" width=\"695\" height=\"800\" src=\"https:\/\/www.xertacatering.com\/wp-content\/uploads\/2020\/08\/Casaments-dels-influencers-Yago-Bruna-i-Carolina-Ferrer-xerta-Catering-Fran-Lopez-55.jpg\" class=\"attachment-full size-full\" alt=\"https:\/\/www.xertacatering.com\/wp-content\/uploads\/2020\/08\/Casaments-dels-influencers-Yago-Bruna-i-Carolina-Ferrer-xerta-Catering-Fran-Lopez-55.jpg\" data-full_image_src=\"https:\/\/www.xertacatering.com\/wp-content\/uploads\/2020\/08\/Casaments-dels-influencers-Yago-Bruna-i-Carolina-Ferrer-xerta-Catering-Fran-Lopez-55.jpg\" title=\"Casaments-dels-influencers-Yago-Bruna-i-Carolina-Ferrer-xerta-Catering-Fran-Lopez-55\" srcset=\"https:\/\/www.xertacatering.com\/wp-content\/uploads\/2020\/08\/Casaments-dels-influencers-Yago-Bruna-i-Carolina-Ferrer-xerta-Catering-Fran-Lopez-55.jpg 695w, https:\/\/www.xertacatering.com\/wp-content\/uploads\/2020\/08\/Casaments-dels-influencers-Yago-Bruna-i-Carolina-Ferrer-xerta-Catering-Fran-Lopez-55-261x300.jpg 261w\" sizes=\"auto, (max-width: 695px) 100vw, 695px\" \/><\/span><\/div><div class=\"bt_bb_separator bt_bb_border_style_none bt_bb_bottom_spacing_medium bt_bb_hidden_md bt_bb_hidden_lg\" data-bt-override-class=\"null\"><\/div><\/div><\/div><\/div><div  class=\"bt_bb_column col-xxl-6 col-xl-6 bt_bb_vertical_align_middle bt_bb_align_left bt_bb_padding_double bt_bb_animation_fade_in animate\" style=\"; --column-width:6;\" data-width=\"6\" data-bt-override-class=\"{}\"><div class=\"bt_bb_column_content\"><div class=\"bt_bb_column_content_inner\"><div class=\"bt_bb_icon bt_bb_color_scheme_3 bt_bb_style_borderless bt_bb_size_xhuge bt_bb_shape_circle bt_bb_target_self bt_bb_text_empty bt_bb_align_inherit\" style=\"; --primary-color:#686868; --secondary-color:#181818;\" data-bt-override-class=\"{}\"><span  data-ico-drawings=\"&#xe930;\" class=\"bt_bb_icon_holder\"><\/span><\/div><div class=\"bt_bb_separator bt_bb_border_style_none bt_bb_bottom_spacing_normal\" data-bt-override-class=\"null\"><\/div><header class=\"bt_bb_headline bt_bb_dash_none bt_bb_subheadline bt_bb_size_normal bt_bb_align_inherit\" data-bt-override-class=\"{}\"><h3 class=\"bt_bb_headline_tag\"><span class=\"bt_bb_headline_content\"><span>CONTACTA<\/span><\/span><\/h3><div class=\"bt_bb_headline_subheadline\">\u00bfQue catering necesitas? Cenas con amigos, bodas, eventos corporativos, nos adaptamos a tus necesidades y te proponemos un men\u00fa a medida para cada ocasi\u00f3n.<\/div><\/header><div class=\"bt_bb_separator bt_bb_border_style_none bt_bb_bottom_spacing_normal\" data-bt-override-class=\"null\"><\/div><div data-bb-version=\"4.9.0\" class=\"bt_bb_button bt_bb_color_scheme_3 bt_bb_icon_position_left bt_bb_style_line bt_bb_size_medium bt_bb_width_inline bt_bb_shape_round bt_bb_target_self bt_bb_text_transform_inherit bt_bb_align_inherit btWithText\" style=\"; --primary-color:#686868; --secondary-color:#181818;\" data-bt-override-class=\"{&quot;bt_bb_size_&quot;:{&quot;current_class&quot;:&quot;bt_bb_size_medium&quot;,&quot;def&quot;:&quot;medium&quot;},&quot;bt_bb_align_&quot;:{&quot;current_class&quot;:&quot;bt_bb_align_inherit&quot;,&quot;def&quot;:&quot;inherit&quot;}}\"><a href=\"https:\/\/www.xertacatering.com\/es\/contacto\/\" target=\"_self\" class=\"bt_bb_link\" title=\"CONTACTA\"><span class=\"bt_bb_button_text\" >CONTACTA<\/span><\/a><\/div><div class=\"bt_bb_separator bt_bb_border_style_none bt_bb_bottom_spacing_normal\" data-bt-override-class=\"null\"><\/div><\/div><\/div><\/div><\/div><\/div><\/div><!-- cell_inner --><\/div><!-- cell --><\/div><!-- port --><\/section><\/p>\n","protected":false},"excerpt":{"rendered":"","protected":false},"author":1,"featured_media":4651,"parent":0,"menu_order":0,"comment_status":"closed","ping_status":"closed","template":"","meta":{"inline_featured_image":false,"_monsterinsights_skip_tracking":false,"_monsterinsights_sitenote_active":false,"_monsterinsights_sitenote_note":"","_monsterinsights_sitenote_category":0,"footnotes":""},"class_list":["post-1541","page","type-page","status-publish","has-post-thumbnail","hentry"],"yoast_head":"<!-- This site is optimized with the Yoast SEO plugin v26.9 - https:\/\/yoast.com\/product\/yoast-seo-wordpress\/ -->\n<title>Xerta Catering - Gastronom\u00eda y servicio de alta cocina<\/title>\n<meta name=\"description\" content=\"Xerta Catering es la propuesta gastron\u00f3mica hecha a medida y con sello de calidad. Celebra tu evento donde y cuando t\u00fa quieras. \u2705\u26f3\u2b50\" \/>\n<meta name=\"robots\" content=\"index, follow, max-snippet:-1, max-image-preview:large, max-video-preview:-1\" \/>\n<link rel=\"canonical\" href=\"https:\/\/www.xertacatering.com\/es\/\" \/>\n<meta property=\"og:locale\" content=\"es_ES\" \/>\n<meta property=\"og:type\" content=\"article\" \/>\n<meta property=\"og:title\" content=\"Xerta Catering - Gastronom\u00eda y servicio de alta cocina\" \/>\n<meta property=\"og:description\" content=\"Xerta Catering es la propuesta gastron\u00f3mica hecha a medida y con sello de calidad. Celebra tu evento donde y cuando t\u00fa quieras. \u2705\u26f3\u2b50\" \/>\n<meta property=\"og:url\" content=\"https:\/\/www.xertacatering.com\/es\/\" \/>\n<meta property=\"og:site_name\" content=\"Xerta Catering\" \/>\n<meta property=\"article:modified_time\" content=\"2025-09-15T10:16:23+00:00\" \/>\n<meta property=\"og:image\" content=\"https:\/\/www.xertacatering.com\/wp-content\/uploads\/2024\/04\/xertactering-barcelona-eventos-corportaivos.jpg\" \/>\n\t<meta property=\"og:image:width\" content=\"1000\" \/>\n\t<meta property=\"og:image:height\" content=\"1298\" \/>\n\t<meta property=\"og:image:type\" content=\"image\/jpeg\" \/>\n<meta name=\"twitter:card\" content=\"summary_large_image\" \/>\n<meta name=\"twitter:label1\" content=\"Tiempo de lectura\" \/>\n\t<meta name=\"twitter:data1\" content=\"6 minutos\" \/>\n<script type=\"application\/ld+json\" class=\"yoast-schema-graph\">{\"@context\":\"https:\/\/schema.org\",\"@graph\":[{\"@type\":\"WebPage\",\"@id\":\"https:\/\/www.xertacatering.com\/es\/\",\"url\":\"https:\/\/www.xertacatering.com\/es\/\",\"name\":\"Xerta Catering - Gastronom\u00eda y servicio de alta cocina\",\"isPartOf\":{\"@id\":\"https:\/\/www.xertacatering.com\/#website\"},\"primaryImageOfPage\":{\"@id\":\"https:\/\/www.xertacatering.com\/es\/#primaryimage\"},\"image\":{\"@id\":\"https:\/\/www.xertacatering.com\/es\/#primaryimage\"},\"thumbnailUrl\":\"https:\/\/www.xertacatering.com\/wp-content\/uploads\/2024\/04\/xertactering-barcelona-eventos-corportaivos.jpg\",\"datePublished\":\"2019-02-05T20:46:56+00:00\",\"dateModified\":\"2025-09-15T10:16:23+00:00\",\"description\":\"Xerta Catering es la propuesta gastron\u00f3mica hecha a medida y con sello de calidad. Celebra tu evento donde y cuando t\u00fa quieras. \u2705\u26f3\u2b50\",\"breadcrumb\":{\"@id\":\"https:\/\/www.xertacatering.com\/es\/#breadcrumb\"},\"inLanguage\":\"es\",\"potentialAction\":[{\"@type\":\"ReadAction\",\"target\":[\"https:\/\/www.xertacatering.com\/es\/\"]}]},{\"@type\":\"ImageObject\",\"inLanguage\":\"es\",\"@id\":\"https:\/\/www.xertacatering.com\/es\/#primaryimage\",\"url\":\"https:\/\/www.xertacatering.com\/wp-content\/uploads\/2024\/04\/xertactering-barcelona-eventos-corportaivos.jpg\",\"contentUrl\":\"https:\/\/www.xertacatering.com\/wp-content\/uploads\/2024\/04\/xertactering-barcelona-eventos-corportaivos.jpg\",\"width\":1000,\"height\":1298},{\"@type\":\"BreadcrumbList\",\"@id\":\"https:\/\/www.xertacatering.com\/es\/#breadcrumb\",\"itemListElement\":[{\"@type\":\"ListItem\",\"position\":1,\"name\":\"Portada\",\"item\":\"https:\/\/www.xertacatering.com\/es\/\"},{\"@type\":\"ListItem\",\"position\":2,\"name\":\"Xerta Catering\"}]},{\"@type\":\"WebSite\",\"@id\":\"https:\/\/www.xertacatering.com\/#website\",\"url\":\"https:\/\/www.xertacatering.com\/\",\"name\":\"Xerta Catering\",\"description\":\"Gastronom\u00eda y servicio con Estrella Michelin\",\"potentialAction\":[{\"@type\":\"SearchAction\",\"target\":{\"@type\":\"EntryPoint\",\"urlTemplate\":\"https:\/\/www.xertacatering.com\/?s={search_term_string}\"},\"query-input\":{\"@type\":\"PropertyValueSpecification\",\"valueRequired\":true,\"valueName\":\"search_term_string\"}}],\"inLanguage\":\"es\"}]}<\/script>\n<!-- \/ Yoast SEO plugin. -->","yoast_head_json":{"title":"Xerta Catering - Gastronom\u00eda y servicio de alta cocina","description":"Xerta Catering es la propuesta gastron\u00f3mica hecha a medida y con sello de calidad. Celebra tu evento donde y cuando t\u00fa quieras. \u2705\u26f3\u2b50","robots":{"index":"index","follow":"follow","max-snippet":"max-snippet:-1","max-image-preview":"max-image-preview:large","max-video-preview":"max-video-preview:-1"},"canonical":"https:\/\/www.xertacatering.com\/es\/","og_locale":"es_ES","og_type":"article","og_title":"Xerta Catering - Gastronom\u00eda y servicio de alta cocina","og_description":"Xerta Catering es la propuesta gastron\u00f3mica hecha a medida y con sello de calidad. Celebra tu evento donde y cuando t\u00fa quieras. \u2705\u26f3\u2b50","og_url":"https:\/\/www.xertacatering.com\/es\/","og_site_name":"Xerta Catering","article_modified_time":"2025-09-15T10:16:23+00:00","og_image":[{"width":1000,"height":1298,"url":"https:\/\/www.xertacatering.com\/wp-content\/uploads\/2024\/04\/xertactering-barcelona-eventos-corportaivos.jpg","type":"image\/jpeg"}],"twitter_card":"summary_large_image","twitter_misc":{"Tiempo de lectura":"6 minutos"},"schema":{"@context":"https:\/\/schema.org","@graph":[{"@type":"WebPage","@id":"https:\/\/www.xertacatering.com\/es\/","url":"https:\/\/www.xertacatering.com\/es\/","name":"Xerta Catering - Gastronom\u00eda y servicio de alta cocina","isPartOf":{"@id":"https:\/\/www.xertacatering.com\/#website"},"primaryImageOfPage":{"@id":"https:\/\/www.xertacatering.com\/es\/#primaryimage"},"image":{"@id":"https:\/\/www.xertacatering.com\/es\/#primaryimage"},"thumbnailUrl":"https:\/\/www.xertacatering.com\/wp-content\/uploads\/2024\/04\/xertactering-barcelona-eventos-corportaivos.jpg","datePublished":"2019-02-05T20:46:56+00:00","dateModified":"2025-09-15T10:16:23+00:00","description":"Xerta Catering es la propuesta gastron\u00f3mica hecha a medida y con sello de calidad. Celebra tu evento donde y cuando t\u00fa quieras. \u2705\u26f3\u2b50","breadcrumb":{"@id":"https:\/\/www.xertacatering.com\/es\/#breadcrumb"},"inLanguage":"es","potentialAction":[{"@type":"ReadAction","target":["https:\/\/www.xertacatering.com\/es\/"]}]},{"@type":"ImageObject","inLanguage":"es","@id":"https:\/\/www.xertacatering.com\/es\/#primaryimage","url":"https:\/\/www.xertacatering.com\/wp-content\/uploads\/2024\/04\/xertactering-barcelona-eventos-corportaivos.jpg","contentUrl":"https:\/\/www.xertacatering.com\/wp-content\/uploads\/2024\/04\/xertactering-barcelona-eventos-corportaivos.jpg","width":1000,"height":1298},{"@type":"BreadcrumbList","@id":"https:\/\/www.xertacatering.com\/es\/#breadcrumb","itemListElement":[{"@type":"ListItem","position":1,"name":"Portada","item":"https:\/\/www.xertacatering.com\/es\/"},{"@type":"ListItem","position":2,"name":"Xerta Catering"}]},{"@type":"WebSite","@id":"https:\/\/www.xertacatering.com\/#website","url":"https:\/\/www.xertacatering.com\/","name":"Xerta Catering","description":"Gastronom\u00eda y servicio con Estrella Michelin","potentialAction":[{"@type":"SearchAction","target":{"@type":"EntryPoint","urlTemplate":"https:\/\/www.xertacatering.com\/?s={search_term_string}"},"query-input":{"@type":"PropertyValueSpecification","valueRequired":true,"valueName":"search_term_string"}}],"inLanguage":"es"}]}},"_links":{"self":[{"href":"https:\/\/www.xertacatering.com\/es\/wp-json\/wp\/v2\/pages\/1541","targetHints":{"allow":["GET"]}}],"collection":[{"href":"https:\/\/www.xertacatering.com\/es\/wp-json\/wp\/v2\/pages"}],"about":[{"href":"https:\/\/www.xertacatering.com\/es\/wp-json\/wp\/v2\/types\/page"}],"author":[{"embeddable":true,"href":"https:\/\/www.xertacatering.com\/es\/wp-json\/wp\/v2\/users\/1"}],"replies":[{"embeddable":true,"href":"https:\/\/www.xertacatering.com\/es\/wp-json\/wp\/v2\/comments?post=1541"}],"version-history":[{"count":0,"href":"https:\/\/www.xertacatering.com\/es\/wp-json\/wp\/v2\/pages\/1541\/revisions"}],"wp:featuredmedia":[{"embeddable":true,"href":"https:\/\/www.xertacatering.com\/es\/wp-json\/wp\/v2\/media\/4651"}],"wp:attachment":[{"href":"https:\/\/www.xertacatering.com\/es\/wp-json\/wp\/v2\/media?parent=1541"}],"curies":[{"name":"wp","href":"https:\/\/api.w.org\/{rel}","templated":true}]}}