{"id":1528,"date":"2019-01-23T19:29:09","date_gmt":"2019-01-23T19:29:09","guid":{"rendered":"http:\/\/www.xertacatering.com\/contacte\/"},"modified":"2025-11-24T13:33:48","modified_gmt":"2025-11-24T11:33:48","slug":"contacto","status":"publish","type":"page","link":"https:\/\/www.xertacatering.com\/es\/contacto\/","title":{"rendered":"Contacto"},"content":{"rendered":"<p><section data-bb-version=\"4.6.1\" id=\"bt_bb_section69f2875d9eecf\" class=\"bt_bb_section bt_bb_layout_wide bt_bb_vertical_align_top bt_bb_top_spacing_large bt_bb_bottom_spacing_medium\"  data-bt-override-class=\"{&quot;bt_bb_top_spacing_&quot;:{&quot;current_class&quot;:&quot;bt_bb_top_spacing_large&quot;,&quot;def&quot;:&quot;large&quot;},&quot;bt_bb_bottom_spacing_&quot;:{&quot;current_class&quot;:&quot;bt_bb_bottom_spacing_medium&quot;,&quot;def&quot;:&quot;medium&quot;}}\"><div class=\"bt_bb_port\"><div class=\"bt_bb_cell\"><div class=\"bt_bb_cell_inner\"><div class=\"bt_bb_row \"  data-bt-override-class=\"{}\"><div class=\"bt_bb_row_holder\" ><div  class=\"bt_bb_column col-xxl-12 col-xl-12 bt_bb_vertical_align_top bt_bb_align_left bt_bb_padding_normal\" style=\"; --column-width:12;\" data-width=\"12\" data-bt-override-class=\"{}\"><div class=\"bt_bb_column_content\"><div class=\"bt_bb_column_content_inner\"><div class=\"bt_bb_floating_image bt_bb_floating_image_relative_responsive_no bt_bb_floating_image_horizontal_position_left bt_bb_floating_image_vertical_position_top bt_bb_floating_image_animation_delay_default bt_bb_floating_image_animation_duration_1400 bt_bb_floating_image_animation_style_ease_out\" style=\"z-index: 0; top: -9em;\" data-speed=\"0.6\" data-direction=\"\" ><\/div><\/div><\/div><\/div><\/div><\/div><div data-bb-version=\"4.6.1\" class=\"bt_bb_row bt_bb_row_width_boxed_1400 bt_bb_row_width_boxed \"  data-bt-override-class=\"{}\"><div class=\"bt_bb_row_holder\" ><div  class=\"bt_bb_column col-xxl-3 col-xl-3 bt_bb_vertical_align_top bt_bb_align_left bt_bb_padding_normal\" style=\"; --column-width:3;\" data-width=\"3\" data-bt-override-class=\"{}\"><div class=\"bt_bb_column_content\"><div class=\"bt_bb_column_content_inner\"><\/div><\/div><\/div><div  class=\"bt_bb_column col-xxl-6 col-xl-6 bt_bb_vertical_align_top bt_bb_align_center bt_bb_padding_normal bt_bb_animation_fade_in animate\" style=\"; --column-width:6;\" data-width=\"6\" data-bt-override-class=\"{}\"><div class=\"bt_bb_column_content\"><div class=\"bt_bb_column_content_inner\"><div class=\"bt_bb_separator bt_bb_border_style_none bt_bb_bottom_spacing_medium\" data-bt-override-class=\"null\"><\/div><header data-bb-version=\"4.9.0\" class=\"bt_bb_headline bt_bb_dash_none bt_bb_subheadline bt_bb_size_large bt_bb_align_inherit\" data-bt-override-class=\"{&quot;bt_bb_size_&quot;:{&quot;current_class&quot;:&quot;bt_bb_size_large&quot;,&quot;def&quot;:&quot;large&quot;},&quot;bt_bb_align_&quot;:{&quot;current_class&quot;:&quot;bt_bb_align_inherit&quot;,&quot;def&quot;:&quot;inherit&quot;}}\"><h1 class=\"bt_bb_headline_tag\"><span class=\"bt_bb_headline_content\"><span>\u00bfHacemos su catering?<\/span><\/span><\/h1><div class=\"bt_bb_headline_subheadline\">Le llevamos la cocina del Delta donde quieran. Nuestra gastronom\u00eda se basa en el producto de temporada, con toques de innovaci\u00f3n y sin perder la esencia de la cocina tradicional del sur del territorio catal\u00e1n.<\/div><\/header><div class=\"bt_bb_separator bt_bb_border_style_none bt_bb_bottom_spacing_medium\" data-bt-override-class=\"null\"><\/div><div data-bb-version=\"4.9.0\" class=\"bt_bb_contact_form_7\">\n<div class=\"wpcf7 no-js\" id=\"wpcf7-f5508-o1\" lang=\"ca\" dir=\"ltr\" data-wpcf7-id=\"5508\">\n<div class=\"screen-reader-response\"><p role=\"status\" aria-live=\"polite\" aria-atomic=\"true\"><\/p> <ul><\/ul><\/div>\n<form action=\"\/es\/wp-json\/wp\/v2\/pages\/1528#wpcf7-f5508-o1\" method=\"post\" class=\"wpcf7-form init\" aria-label=\"Formulari de contacte\" novalidate=\"novalidate\" data-status=\"init\">\n<fieldset class=\"hidden-fields-container\"><input type=\"hidden\" name=\"_wpcf7\" value=\"5508\" \/><input type=\"hidden\" name=\"_wpcf7_version\" value=\"6.1.5\" \/><input type=\"hidden\" name=\"_wpcf7_locale\" value=\"ca\" \/><input type=\"hidden\" name=\"_wpcf7_unit_tag\" value=\"wpcf7-f5508-o1\" \/><input type=\"hidden\" name=\"_wpcf7_container_post\" value=\"0\" \/><input type=\"hidden\" name=\"_wpcf7_posted_data_hash\" value=\"\" \/><input type=\"hidden\" name=\"_wpcf7_recaptcha_response\" value=\"\" \/>\n<\/fieldset>\n<p>Nom <span class=\"wpcf7-form-control-wrap\" data-name=\"nombre\"><input size=\"40\" maxlength=\"400\" class=\"wpcf7-form-control wpcf7-text wpcf7-validates-as-required\" aria-required=\"true\" aria-invalid=\"false\" value=\"\" type=\"text\" name=\"nombre\" \/><\/span><br \/>\nTel\u00e8fon <span class=\"wpcf7-form-control-wrap\" data-name=\"telefono\"><input size=\"40\" maxlength=\"400\" class=\"wpcf7-form-control wpcf7-text wpcf7-validates-as-required\" aria-required=\"true\" aria-invalid=\"false\" value=\"\" type=\"text\" name=\"telefono\" \/><\/span><br \/>\nE-mail <span class=\"wpcf7-form-control-wrap\" data-name=\"email\"><input size=\"40\" maxlength=\"400\" class=\"wpcf7-form-control wpcf7-email wpcf7-validates-as-required wpcf7-text wpcf7-validates-as-email\" aria-required=\"true\" aria-invalid=\"false\" value=\"\" type=\"email\" name=\"email\" \/><\/span><br \/>\nE-Mail de confirmaci\u00f3 <span class=\"wpcf7-form-control-wrap\" data-name=\"email-confirm\"><input size=\"40\" maxlength=\"400\" class=\"wpcf7-form-control wpcf7-email wpcf7-validates-as-required wpcf7-text wpcf7-validates-as-email\" aria-required=\"true\" aria-invalid=\"false\" value=\"\" type=\"email\" name=\"email-confirm\" \/><\/span>\n<\/p>\n<p>Missatge <span class=\"wpcf7-form-control-wrap\" data-name=\"missatge\"><textarea cols=\"40\" rows=\"10\" maxlength=\"2000\" class=\"wpcf7-form-control wpcf7-textarea wpcf7-validates-as-required\" aria-required=\"true\" aria-invalid=\"false\" placeholder=\"Mensaje\" name=\"missatge\"><\/textarea><\/span>\n<\/p>\n<p><span class=\"wpcf7-form-control-wrap\" data-name=\"checkbox-742\"><span class=\"wpcf7-form-control wpcf7-checkbox wpcf7-validates-as-required\"><span class=\"wpcf7-list-item first last\"><input type=\"checkbox\" name=\"checkbox-742[]\" value=\"Acepto leg\u00edtimamente la pol\u00edtica de privacidad de Xerta Catering.\" \/><span class=\"wpcf7-list-item-label\">Acepto leg\u00edtimamente la pol\u00edtica de privacidad de Xerta Catering.<\/span><\/span><\/span><\/span>\n<\/p>\n<p><input class=\"wpcf7-form-control wpcf7-submit has-spinner\" type=\"submit\" value=\"Enviar\" \/>\n<\/p><div class=\"wpcf7-response-output\" aria-hidden=\"true\"><\/div>\n<\/form>\n<\/div>\n<\/div><\/div><\/div><\/div><div  class=\"bt_bb_column col-xxl-3 col-xl-3 bt_bb_vertical_align_top bt_bb_align_left bt_bb_padding_normal\" style=\"; --column-width:3;\" data-width=\"3\" data-bt-override-class=\"{}\"><div class=\"bt_bb_column_content\"><div class=\"bt_bb_column_content_inner\"><\/div><\/div><\/div><\/div><\/div><\/div><!-- cell_inner --><\/div><!-- cell --><\/div><!-- port --><\/section><section data-bb-version=\"4.8.9\" id=\"bt_bb_section69f2875da84fc\" class=\"bt_bb_section bt_bb_color_scheme_23 bt_bb_layout_boxed_800 bt_bb_vertical_align_top bt_bb_top_spacing_medium bt_bb_bottom_spacing_large\" style=\"; --section-primary-color:#3f3333; --section-secondary-color:#f7f7f7;;background-color:rgb(248,247,244);\" data-bt-override-class=\"{&quot;bt_bb_top_spacing_&quot;:{&quot;current_class&quot;:&quot;bt_bb_top_spacing_medium&quot;,&quot;def&quot;:&quot;medium&quot;},&quot;bt_bb_bottom_spacing_&quot;:{&quot;current_class&quot;:&quot;bt_bb_bottom_spacing_large&quot;,&quot;def&quot;:&quot;large&quot;}}\"><div class=\"bt_bb_port\"><div class=\"bt_bb_cell\"><div class=\"bt_bb_cell_inner\"><div class=\"bt_bb_row \"  data-bt-override-class=\"{}\"><div class=\"bt_bb_row_holder\" ><div  class=\"bt_bb_column col-xxl-12 col-xl-12 col-xs-12 col-sm-12 col-md-12 col-lg-12 bt_bb_vertical_align_top bt_bb_align_left bt_bb_padding_normal bt_bb_animation_fade_in animate\" style=\"; --column-width:12;\" data-width=\"12\" data-bt-override-class=\"{}\"><div class=\"bt_bb_column_content\"><div class=\"bt_bb_column_content_inner\"><div data-bb-version=\"4.8.9\" class=\"bt_bb_separator bt_bb_border_style_none bt_bb_top_spacing_50 bt_bb_bottom_spacing_medium bt_bb_hidden_md bt_bb_hidden_lg bt_bb_hidden_xl\" data-bt-override-class=\"{&quot;bt_bb_top_spacing_&quot;:{&quot;current_class&quot;:&quot;bt_bb_top_spacing_50&quot;,&quot;def&quot;:&quot;50&quot;},&quot;bt_bb_bottom_spacing_&quot;:{&quot;current_class&quot;:&quot;bt_bb_bottom_spacing_medium&quot;,&quot;def&quot;:&quot;medium&quot;}}\"><\/div><header data-bb-version=\"4.8.9\" class=\"bt_bb_headline bt_bb_dash_none bt_bb_subheadline bt_bb_size_small bt_bb_align_inherit\" data-bt-override-class=\"{&quot;bt_bb_size_&quot;:{&quot;current_class&quot;:&quot;bt_bb_size_small&quot;,&quot;def&quot;:&quot;small&quot;},&quot;bt_bb_align_&quot;:{&quot;current_class&quot;:&quot;bt_bb_align_inherit&quot;,&quot;def&quot;:&quot;inherit&quot;}}\"><h6 class=\"bt_bb_headline_tag\"><span class=\"bt_bb_headline_content\"><span>Av\u00edso Legal <\/span><\/span><\/h6><div class=\"bt_bb_headline_subheadline\">Responsable: Xerta Restaurant Finalidad: Enviar la informaci\u00f3n solicitada, gestionar los productos o servicios solicitados y, cuando nos autorices, remitirte informaci\u00f3n y publicidad de las empresas pertenecientes a Xerta Restaurant que pueda ser de tu inter\u00e9s. Legitimaci\u00f3n: Para la ejecuci\u00f3n de un contrato o para la aplicaci\u00f3n de medidas precontractuales. Consentimiento del interesado. Destinatarios: Tus datos personales podr\u00e1n ser comunicados a las empresas pertenecientes a Xerta Restaurant . S\u00f3lo ser\u00e1n comunicados a terceros ajenos a nuestro grupo de empresas cuando sea estrictamente necesario para el desarrollo de los servicios contratados, para el buen funcionamiento empresarial o por obligaci\u00f3n legal. Derechos: Acceso, rectificaci\u00f3n y supresi\u00f3n, limitaci\u00f3n del tratamiento, portabilidad de los datos, oposici\u00f3n y decisiones individuales automatizadas. Informaci\u00f3n adicional: Puedes consultar la informaci\u00f3n adicional y detallada sobre Protecci\u00f3n de Datos en nuestra Pol\u00edtica de privacidad.<\/div><\/header><div class=\"bt_bb_separator bt_bb_border_style_none bt_bb_bottom_spacing_medium bt_bb_hidden_md bt_bb_hidden_lg\" data-bt-override-class=\"null\"><\/div><\/div><\/div><\/div><\/div><\/div><\/div><!-- cell_inner --><\/div><!-- cell --><\/div><!-- port --><\/section><\/p>\n","protected":false},"excerpt":{"rendered":"","protected":false},"author":1,"featured_media":0,"parent":0,"menu_order":0,"comment_status":"closed","ping_status":"closed","template":"","meta":{"inline_featured_image":false,"_monsterinsights_skip_tracking":false,"_monsterinsights_sitenote_active":false,"_monsterinsights_sitenote_note":"","_monsterinsights_sitenote_category":0,"footnotes":""},"class_list":["post-1528","page","type-page","status-publish","hentry"],"yoast_head":"<!-- This site is optimized with the Yoast SEO plugin v26.9 - https:\/\/yoast.com\/product\/yoast-seo-wordpress\/ -->\n<title>Contacto - Xerta Catering<\/title>\n<meta name=\"description\" content=\"Hacemos tu catering? Prepara tu evento p\u00fablico o privado con la propuesta gastron\u00f3mica m\u00e1s innovadora del chef Fran L\u00f3pez.\" \/>\n<meta name=\"robots\" content=\"index, follow, max-snippet:-1, max-image-preview:large, max-video-preview:-1\" \/>\n<link rel=\"canonical\" href=\"https:\/\/www.xertacatering.com\/es\/contacto\/\" \/>\n<meta property=\"og:locale\" content=\"es_ES\" \/>\n<meta property=\"og:type\" content=\"article\" \/>\n<meta property=\"og:title\" content=\"Contacto - Xerta Catering\" \/>\n<meta property=\"og:description\" content=\"Hacemos tu catering? Prepara tu evento p\u00fablico o privado con la propuesta gastron\u00f3mica m\u00e1s innovadora del chef Fran L\u00f3pez.\" \/>\n<meta property=\"og:url\" content=\"https:\/\/www.xertacatering.com\/es\/contacto\/\" \/>\n<meta property=\"og:site_name\" content=\"Xerta Catering\" \/>\n<meta property=\"article:modified_time\" content=\"2025-11-24T11:33:48+00:00\" \/>\n<meta name=\"twitter:card\" content=\"summary_large_image\" \/>\n<meta name=\"twitter:label1\" content=\"Tiempo de lectura\" \/>\n\t<meta name=\"twitter:data1\" content=\"2 minutos\" \/>\n<script type=\"application\/ld+json\" class=\"yoast-schema-graph\">{\"@context\":\"https:\/\/schema.org\",\"@graph\":[{\"@type\":\"WebPage\",\"@id\":\"https:\/\/www.xertacatering.com\/es\/contacto\/\",\"url\":\"https:\/\/www.xertacatering.com\/es\/contacto\/\",\"name\":\"Contacto - Xerta Catering\",\"isPartOf\":{\"@id\":\"https:\/\/www.xertacatering.com\/#website\"},\"datePublished\":\"2019-01-23T19:29:09+00:00\",\"dateModified\":\"2025-11-24T11:33:48+00:00\",\"description\":\"Hacemos tu catering? Prepara tu evento p\u00fablico o privado con la propuesta gastron\u00f3mica m\u00e1s innovadora del chef Fran L\u00f3pez.\",\"breadcrumb\":{\"@id\":\"https:\/\/www.xertacatering.com\/es\/contacto\/#breadcrumb\"},\"inLanguage\":\"es\",\"potentialAction\":[{\"@type\":\"ReadAction\",\"target\":[\"https:\/\/www.xertacatering.com\/es\/contacto\/\"]}]},{\"@type\":\"BreadcrumbList\",\"@id\":\"https:\/\/www.xertacatering.com\/es\/contacto\/#breadcrumb\",\"itemListElement\":[{\"@type\":\"ListItem\",\"position\":1,\"name\":\"Portada\",\"item\":\"https:\/\/www.xertacatering.com\/es\/\"},{\"@type\":\"ListItem\",\"position\":2,\"name\":\"Contacto\"}]},{\"@type\":\"WebSite\",\"@id\":\"https:\/\/www.xertacatering.com\/#website\",\"url\":\"https:\/\/www.xertacatering.com\/\",\"name\":\"Xerta Catering\",\"description\":\"Gastronom\u00eda y servicio con Estrella Michelin\",\"potentialAction\":[{\"@type\":\"SearchAction\",\"target\":{\"@type\":\"EntryPoint\",\"urlTemplate\":\"https:\/\/www.xertacatering.com\/?s={search_term_string}\"},\"query-input\":{\"@type\":\"PropertyValueSpecification\",\"valueRequired\":true,\"valueName\":\"search_term_string\"}}],\"inLanguage\":\"es\"}]}<\/script>\n<!-- \/ Yoast SEO plugin. -->","yoast_head_json":{"title":"Contacto - Xerta Catering","description":"Hacemos tu catering? Prepara tu evento p\u00fablico o privado con la propuesta gastron\u00f3mica m\u00e1s innovadora del chef Fran L\u00f3pez.","robots":{"index":"index","follow":"follow","max-snippet":"max-snippet:-1","max-image-preview":"max-image-preview:large","max-video-preview":"max-video-preview:-1"},"canonical":"https:\/\/www.xertacatering.com\/es\/contacto\/","og_locale":"es_ES","og_type":"article","og_title":"Contacto - Xerta Catering","og_description":"Hacemos tu catering? Prepara tu evento p\u00fablico o privado con la propuesta gastron\u00f3mica m\u00e1s innovadora del chef Fran L\u00f3pez.","og_url":"https:\/\/www.xertacatering.com\/es\/contacto\/","og_site_name":"Xerta Catering","article_modified_time":"2025-11-24T11:33:48+00:00","twitter_card":"summary_large_image","twitter_misc":{"Tiempo de lectura":"2 minutos"},"schema":{"@context":"https:\/\/schema.org","@graph":[{"@type":"WebPage","@id":"https:\/\/www.xertacatering.com\/es\/contacto\/","url":"https:\/\/www.xertacatering.com\/es\/contacto\/","name":"Contacto - Xerta Catering","isPartOf":{"@id":"https:\/\/www.xertacatering.com\/#website"},"datePublished":"2019-01-23T19:29:09+00:00","dateModified":"2025-11-24T11:33:48+00:00","description":"Hacemos tu catering? Prepara tu evento p\u00fablico o privado con la propuesta gastron\u00f3mica m\u00e1s innovadora del chef Fran L\u00f3pez.","breadcrumb":{"@id":"https:\/\/www.xertacatering.com\/es\/contacto\/#breadcrumb"},"inLanguage":"es","potentialAction":[{"@type":"ReadAction","target":["https:\/\/www.xertacatering.com\/es\/contacto\/"]}]},{"@type":"BreadcrumbList","@id":"https:\/\/www.xertacatering.com\/es\/contacto\/#breadcrumb","itemListElement":[{"@type":"ListItem","position":1,"name":"Portada","item":"https:\/\/www.xertacatering.com\/es\/"},{"@type":"ListItem","position":2,"name":"Contacto"}]},{"@type":"WebSite","@id":"https:\/\/www.xertacatering.com\/#website","url":"https:\/\/www.xertacatering.com\/","name":"Xerta Catering","description":"Gastronom\u00eda y servicio con Estrella Michelin","potentialAction":[{"@type":"SearchAction","target":{"@type":"EntryPoint","urlTemplate":"https:\/\/www.xertacatering.com\/?s={search_term_string}"},"query-input":{"@type":"PropertyValueSpecification","valueRequired":true,"valueName":"search_term_string"}}],"inLanguage":"es"}]}},"_links":{"self":[{"href":"https:\/\/www.xertacatering.com\/es\/wp-json\/wp\/v2\/pages\/1528","targetHints":{"allow":["GET"]}}],"collection":[{"href":"https:\/\/www.xertacatering.com\/es\/wp-json\/wp\/v2\/pages"}],"about":[{"href":"https:\/\/www.xertacatering.com\/es\/wp-json\/wp\/v2\/types\/page"}],"author":[{"embeddable":true,"href":"https:\/\/www.xertacatering.com\/es\/wp-json\/wp\/v2\/users\/1"}],"replies":[{"embeddable":true,"href":"https:\/\/www.xertacatering.com\/es\/wp-json\/wp\/v2\/comments?post=1528"}],"version-history":[{"count":1,"href":"https:\/\/www.xertacatering.com\/es\/wp-json\/wp\/v2\/pages\/1528\/revisions"}],"predecessor-version":[{"id":5572,"href":"https:\/\/www.xertacatering.com\/es\/wp-json\/wp\/v2\/pages\/1528\/revisions\/5572"}],"wp:attachment":[{"href":"https:\/\/www.xertacatering.com\/es\/wp-json\/wp\/v2\/media?parent=1528"}],"curies":[{"name":"wp","href":"https:\/\/api.w.org\/{rel}","templated":true}]}}